{"id":852,"date":"2018-08-29T23:00:49","date_gmt":"2018-08-30T02:00:49","guid":{"rendered":"https:\/\/ens3a-caba.infd.edu.ar\/sitio\/actividades-y-proyectos\/"},"modified":"2024-09-16T10:40:48","modified_gmt":"2024-09-16T13:40:48","slug":"actividades-y-proyectos","status":"publish","type":"page","link":"https:\/\/ens3a-caba.infd.edu.ar\/sitio\/actividades-y-proyectos\/","title":{"rendered":"Actividades y Proyectos"},"content":{"rendered":"\n<p class=\"has-text-align-center\"><a rel=\"noreferrer noopener\" href=\"https:\/\/www.instagram.com\/ens3.profesorado\/\" target=\"_blank\"><strong>Seguinos en Instagram<\/strong><\/a> para ver todo lo que sucede en el Profesorado <\/p>\n\n\n<div class=\"wp-block-image\">\n<figure class=\"aligncenter size-full is-resized\"><img decoding=\"async\" loading=\"lazy\" src=\"https:\/\/ens3a-caba.infd.edu.ar\/sitio\/wp-content\/uploads\/2024\/04\/promocion-2023.png\" alt=\"\" class=\"wp-image-2132\" width=\"530\" height=\"530\" srcset=\"https:\/\/ens3a-caba.infd.edu.ar\/sitio\/wp-content\/uploads\/2024\/04\/promocion-2023.png 1080w, https:\/\/ens3a-caba.infd.edu.ar\/sitio\/wp-content\/uploads\/2024\/04\/promocion-2023-1000x1000.png 1000w, https:\/\/ens3a-caba.infd.edu.ar\/sitio\/wp-content\/uploads\/2024\/04\/promocion-2023-500x500.png 500w, https:\/\/ens3a-caba.infd.edu.ar\/sitio\/wp-content\/uploads\/2024\/04\/promocion-2023-768x768.png 768w\" sizes=\"(max-width: 530px) 100vw, 530px\" \/><\/figure><\/div>\n\n\n<p><\/p>\n\n\n\n<p>En el marco de la <strong>Semana del Docente 2023, \u201cEn defensa de la Educaci\u00f3n P\u00fablica y los 40 a\u00f1os de democracia\u201d<\/strong>, se desarrollar\u00e1n diferentes propuestas desde el martes 12 al lunes 18 de septiembre. <a href=\"https:\/\/ens3a-caba.infd.edu.ar\/sitio\/wp-content\/uploads\/2023\/09\/SEMANA-DEL-MAESTRX-2023.pdf\">Les compartimos el calendario de actividades<\/a> para que se sumen a aquellas en los d\u00edas y horarios que puedan o est\u00e9n cursando. <\/p>\n\n\n\n<p>El martes 12 de septiembre, en el Turno Ma\u00f1ana y Tarde, las profesoras Silvia Vega, Celeste Perez Micheli, Rocio Arozarena, Ver\u00f3nica Seara, Julia Goldberg y Carolina Postiglione, proponen experiencias en grupales en relaci\u00f3n a la reflexi\u00f3n sobre fragmentos de pel\u00edculas, el an\u00e1lisis de letras de canciones, juegos y exposici\u00f3n acerca de \u00abEscuelas voucher\u00bb.<\/p>\n\n\n\n<figure class=\"wp-block-image size-large\"><img decoding=\"async\" loading=\"lazy\" width=\"1900\" height=\"1070\" src=\"https:\/\/ens3a-caba.infd.edu.ar\/sitio\/wp-content\/uploads\/2023\/09\/20230912_104244-1900x1070.jpg\" alt=\"\" class=\"wp-image-2026\" srcset=\"https:\/\/ens3a-caba.infd.edu.ar\/sitio\/wp-content\/uploads\/2023\/09\/20230912_104244-1900x1070.jpg 1900w, https:\/\/ens3a-caba.infd.edu.ar\/sitio\/wp-content\/uploads\/2023\/09\/20230912_104244-1000x563.jpg 1000w, https:\/\/ens3a-caba.infd.edu.ar\/sitio\/wp-content\/uploads\/2023\/09\/20230912_104244-768x432.jpg 768w, https:\/\/ens3a-caba.infd.edu.ar\/sitio\/wp-content\/uploads\/2023\/09\/20230912_104244-1536x865.jpg 1536w, https:\/\/ens3a-caba.infd.edu.ar\/sitio\/wp-content\/uploads\/2023\/09\/20230912_104244-2048x1153.jpg 2048w\" sizes=\"(max-width: 1900px) 100vw, 1900px\" \/><\/figure>\n\n\n\n<p><strong>En el contexto de estos primeros 40 a\u00f1os de democracia pensamos un taller valorando nuestro derecho a la libertad de expresi\u00f3n.<\/strong><br>Les invitamos a participar del Laboratorio ESI , un espacio donde los libros abran posibilidades para que circule la palabra oral y escrita.<br>Un espacio para vivenciar propuestas atravesadas por lenguajes art\u00edsticos y elaborar otras nuevas para la escuela y el jard\u00edn.<\/p>\n\n\n<div class=\"wp-block-image\">\n<figure class=\"aligncenter size-full\"><img decoding=\"async\" loading=\"lazy\" width=\"720\" height=\"412\" src=\"https:\/\/ens3a-caba.infd.edu.ar\/sitio\/wp-content\/uploads\/2023\/09\/WhatsApp-Image-2023-08-30-at-17.08.51.jpeg\" alt=\"\" class=\"wp-image-2023\"\/><\/figure><\/div>\n\n\n<p>Las estudiantes del turno tarde del Taller Expresivo de Teatro de la profesora Paola Peimer concluyeron la cursada del 1\u00b0 cuatrimestre 2022 invit\u00e1ndonos a la presentaci\u00f3n de la obra que produjeron. Las escenas se fueron hilando entre diversas situaciones que viven con sus familias, amigas, parejas y cursada, que deben sortear para seguir adelante con sus trayectorias. Despu\u00e9s de verla, algunas de las espectadoras tomaron la palabra para contar que se hab\u00edan sentido identificadas con la dramatizaci\u00f3n. <\/p>\n\n\n\n<figure class=\"wp-block-image size-large\"><img decoding=\"async\" loading=\"lazy\" width=\"1900\" height=\"1425\" src=\"https:\/\/ens3a-caba.infd.edu.ar\/sitio\/wp-content\/uploads\/2023\/08\/20230628_162506-1900x1425.jpg\" alt=\"\" class=\"wp-image-2015\" srcset=\"https:\/\/ens3a-caba.infd.edu.ar\/sitio\/wp-content\/uploads\/2023\/08\/20230628_162506-1900x1425.jpg 1900w, https:\/\/ens3a-caba.infd.edu.ar\/sitio\/wp-content\/uploads\/2023\/08\/20230628_162506-1000x750.jpg 1000w, https:\/\/ens3a-caba.infd.edu.ar\/sitio\/wp-content\/uploads\/2023\/08\/20230628_162506-768x576.jpg 768w, https:\/\/ens3a-caba.infd.edu.ar\/sitio\/wp-content\/uploads\/2023\/08\/20230628_162506-1536x1152.jpg 1536w, https:\/\/ens3a-caba.infd.edu.ar\/sitio\/wp-content\/uploads\/2023\/08\/20230628_162506-2048x1536.jpg 2048w\" sizes=\"(max-width: 1900px) 100vw, 1900px\" \/><\/figure>\n\n\n<div class=\"wp-block-image\">\n<figure class=\"aligncenter size-large is-resized\"><img decoding=\"async\" loading=\"lazy\" src=\"https:\/\/ens3a-caba.infd.edu.ar\/sitio\/wp-content\/uploads\/2023\/08\/20230628_161634-1900x1425.jpg\" alt=\"\" class=\"wp-image-2011\" width=\"511\" height=\"382\" srcset=\"https:\/\/ens3a-caba.infd.edu.ar\/sitio\/wp-content\/uploads\/2023\/08\/20230628_161634-1900x1425.jpg 1900w, https:\/\/ens3a-caba.infd.edu.ar\/sitio\/wp-content\/uploads\/2023\/08\/20230628_161634-1000x750.jpg 1000w, https:\/\/ens3a-caba.infd.edu.ar\/sitio\/wp-content\/uploads\/2023\/08\/20230628_161634-768x576.jpg 768w, https:\/\/ens3a-caba.infd.edu.ar\/sitio\/wp-content\/uploads\/2023\/08\/20230628_161634-1536x1152.jpg 1536w, https:\/\/ens3a-caba.infd.edu.ar\/sitio\/wp-content\/uploads\/2023\/08\/20230628_161634-2048x1536.jpg 2048w\" sizes=\"(max-width: 511px) 100vw, 511px\" \/><\/figure><\/div>\n\n<div class=\"wp-block-image\">\n<figure class=\"aligncenter size-large is-resized\"><img decoding=\"async\" loading=\"lazy\" src=\"https:\/\/ens3a-caba.infd.edu.ar\/sitio\/wp-content\/uploads\/2023\/08\/20230628_162330-1-1900x1425.jpg\" alt=\"\" class=\"wp-image-2014\" width=\"511\" height=\"383\" srcset=\"https:\/\/ens3a-caba.infd.edu.ar\/sitio\/wp-content\/uploads\/2023\/08\/20230628_162330-1-1900x1425.jpg 1900w, https:\/\/ens3a-caba.infd.edu.ar\/sitio\/wp-content\/uploads\/2023\/08\/20230628_162330-1-1000x750.jpg 1000w, https:\/\/ens3a-caba.infd.edu.ar\/sitio\/wp-content\/uploads\/2023\/08\/20230628_162330-1-768x576.jpg 768w, https:\/\/ens3a-caba.infd.edu.ar\/sitio\/wp-content\/uploads\/2023\/08\/20230628_162330-1-1536x1152.jpg 1536w, https:\/\/ens3a-caba.infd.edu.ar\/sitio\/wp-content\/uploads\/2023\/08\/20230628_162330-1-2048x1536.jpg 2048w\" sizes=\"(max-width: 511px) 100vw, 511px\" \/><\/figure><\/div>\n\n<div class=\"wp-block-image\">\n<figure class=\"aligncenter size-full is-resized\"><img decoding=\"async\" loading=\"lazy\" src=\"https:\/\/ens3a-caba.infd.edu.ar\/sitio\/wp-content\/uploads\/2023\/06\/Triptico-2.png\" alt=\"\" class=\"wp-image-1993\" width=\"852\" height=\"714\" srcset=\"https:\/\/ens3a-caba.infd.edu.ar\/sitio\/wp-content\/uploads\/2023\/06\/Triptico-2.png 940w, https:\/\/ens3a-caba.infd.edu.ar\/sitio\/wp-content\/uploads\/2023\/06\/Triptico-2-768x644.png 768w\" sizes=\"(max-width: 852px) 100vw, 852px\" \/><\/figure><\/div>\n\n<div class=\"wp-block-image\">\n<figure class=\"aligncenter size-full is-resized\"><img decoding=\"async\" loading=\"lazy\" src=\"https:\/\/ens3a-caba.infd.edu.ar\/sitio\/wp-content\/uploads\/2023\/06\/IMG-20230623-WA0001.jpg\" alt=\"\" class=\"wp-image-1986\" width=\"571\" height=\"571\" srcset=\"https:\/\/ens3a-caba.infd.edu.ar\/sitio\/wp-content\/uploads\/2023\/06\/IMG-20230623-WA0001.jpg 1080w, https:\/\/ens3a-caba.infd.edu.ar\/sitio\/wp-content\/uploads\/2023\/06\/IMG-20230623-WA0001-1000x1000.jpg 1000w, https:\/\/ens3a-caba.infd.edu.ar\/sitio\/wp-content\/uploads\/2023\/06\/IMG-20230623-WA0001-500x500.jpg 500w, https:\/\/ens3a-caba.infd.edu.ar\/sitio\/wp-content\/uploads\/2023\/06\/IMG-20230623-WA0001-768x768.jpg 768w\" sizes=\"(max-width: 571px) 100vw, 571px\" \/><\/figure><\/div>\n\n\n<p>El s\u00e1bado 13 de mayo Bel\u00e9n Bodeman, Camila Palmas y Mayra Le\u00f3n presentaron el proyecto <mark style=\"background-color:rgba(0, 0, 0, 0)\" class=\"has-inline-color has-contrast-color\">Memorias fotogr\u00e1ficas de estudiantes de PEI en el Normal 3<\/mark> en las jornadas Arte y memoria en la Formaci\u00f3n docente \u00abSaberes y experiencias en las disputas del presente a 40 a\u00f1os de democracia\u00bb en el Centro Cultural Paco Urondo, organizado por el Instituto de Investigaciones en Ciencias de la Educaci\u00f3n de la Facultad de Filosof\u00eda y Letras de la Universidad de Buenos Aires.<\/p>\n\n\n\n<p class=\"has-text-align-center\"> <img decoding=\"async\" loading=\"lazy\" width=\"1200\" height=\"1600\" class=\"wp-image-1974\" style=\"width: 400px;\" src=\"https:\/\/ens3a-caba.infd.edu.ar\/sitio\/wp-content\/uploads\/2023\/05\/IMG-20230516-WA0020.jpg\" alt=\"\" srcset=\"https:\/\/ens3a-caba.infd.edu.ar\/sitio\/wp-content\/uploads\/2023\/05\/IMG-20230516-WA0020.jpg 1200w, https:\/\/ens3a-caba.infd.edu.ar\/sitio\/wp-content\/uploads\/2023\/05\/IMG-20230516-WA0020-750x1000.jpg 750w, https:\/\/ens3a-caba.infd.edu.ar\/sitio\/wp-content\/uploads\/2023\/05\/IMG-20230516-WA0020-768x1024.jpg 768w, https:\/\/ens3a-caba.infd.edu.ar\/sitio\/wp-content\/uploads\/2023\/05\/IMG-20230516-WA0020-1152x1536.jpg 1152w\" sizes=\"(max-width: 1200px) 100vw, 1200px\" \/><\/p>\n\n\n\n<p>Desde el espacio de definici\u00f3n institucional: La imagen, la fotograf\u00eda y el cine (Prof. In\u00e9s Heredia) en articulaci\u00f3n con el espacio curricular de ense\u00f1anza de las Ciencias Sociales en el nivel inicial (Prof. Mariana Gesualdi), las estudiantes De Alba Daniela, Bodeman Maria Belen, Della Justina Paola, Descalzi Elizabeth, Fernandez Aylen, Palmas Camila, Soplan Brenda, Valentin Guzman Neida y Leon Mayra se preguntaron \u00bfC\u00f3mo se construye la memoria en espacios cotidianos? \u00bfC\u00f3mo se puede representar de otra manera la realidad, los objetos? \u00bfC\u00f3mo leemos la imagen? \u00bfQu\u00e9 contextos atraviesan su interpretaci\u00f3n? <\/p>\n\n\n\n<p><a href=\"https:\/\/sites.google.com\/bue.edu.ar\/elladobdeserestudiardelxsestud\/inicio\">A partir de un archivo de im\u00e1genes y relatos de experiencias en construcci\u00f3n<\/a> se aproximaron a posibles respuestas a estas preguntas.<\/p>\n\n\n\n<p class=\"has-text-align-center\"><img decoding=\"async\" loading=\"lazy\" width=\"1600\" height=\"1200\" class=\"wp-image-1973\" style=\"width: 500px;\" src=\"https:\/\/ens3a-caba.infd.edu.ar\/sitio\/wp-content\/uploads\/2023\/05\/IMG-20230516-WA0019.jpg\" alt=\"\" srcset=\"https:\/\/ens3a-caba.infd.edu.ar\/sitio\/wp-content\/uploads\/2023\/05\/IMG-20230516-WA0019.jpg 1600w, https:\/\/ens3a-caba.infd.edu.ar\/sitio\/wp-content\/uploads\/2023\/05\/IMG-20230516-WA0019-1000x750.jpg 1000w, https:\/\/ens3a-caba.infd.edu.ar\/sitio\/wp-content\/uploads\/2023\/05\/IMG-20230516-WA0019-768x576.jpg 768w, https:\/\/ens3a-caba.infd.edu.ar\/sitio\/wp-content\/uploads\/2023\/05\/IMG-20230516-WA0019-1536x1152.jpg 1536w\" sizes=\"(max-width: 1600px) 100vw, 1600px\" \/><\/p>\n\n\n\n<p><strong>Semana de la Memoria<\/strong><\/p>\n\n\n\n<p><a href=\"https:\/\/drive.google.com\/file\/d\/1w5tVR-ltMKEFsjvfD9bjUDaD__nCBNiF\/view\">Compartimos el cronograma de actividades<\/a> a desarrollarse en el marco de la SEMANA DE LA MEMORIA, VERDAD Y JUSTICIA en la SEDE LUGANO.<\/p>\n\n\n<p><img decoding=\"async\" loading=\"lazy\" class=\"alignnone size-medium wp-image-1928 aligncenter\" src=\"https:\/\/ens3a-caba.infd.edu.ar\/sitio\/wp-content\/uploads\/2023\/02\/flyer-vf-800x1000.jpeg\" alt=\"\" width=\"800\" height=\"1000\" srcset=\"https:\/\/ens3a-caba.infd.edu.ar\/sitio\/wp-content\/uploads\/2023\/02\/flyer-vf-800x1000.jpeg 800w, https:\/\/ens3a-caba.infd.edu.ar\/sitio\/wp-content\/uploads\/2023\/02\/flyer-vf-768x960.jpeg 768w, https:\/\/ens3a-caba.infd.edu.ar\/sitio\/wp-content\/uploads\/2023\/02\/flyer-vf.jpeg 1080w\" sizes=\"(max-width: 800px) 100vw, 800px\" \/><\/p>\n<p><strong>Paseo pedag\u00f3gico al Parque Avellaneda<\/strong><\/p>\n<p>El mi\u00e9rcoles 30\/11 realizamos un paseo pedag\u00f3gico interc\u00e1tedras al Parque Avellaneda. Estudiantes y profesoras de las Ense\u00f1anza de las Ciencias Naturales II (Celeste P\u00e9rez Michielli) y Ense\u00f1anza de las Ciencias Sociales I (Carolina Postiglioni) compartimos una ma\u00f1ana de disfrute, nuevos conocimientos y p\u00edcnic.<\/p>\n<p><img decoding=\"async\" loading=\"lazy\" class=\"aligncenter wp-image-1899 size-medium\" src=\"https:\/\/ens3a-caba.infd.edu.ar\/sitio\/wp-content\/uploads\/2022\/12\/20221130_114429_HDR-1000x750.jpg\" alt=\"\" width=\"1000\" height=\"750\" srcset=\"https:\/\/ens3a-caba.infd.edu.ar\/sitio\/wp-content\/uploads\/2022\/12\/20221130_114429_HDR-1000x750.jpg 1000w, https:\/\/ens3a-caba.infd.edu.ar\/sitio\/wp-content\/uploads\/2022\/12\/20221130_114429_HDR-1900x1425.jpg 1900w, https:\/\/ens3a-caba.infd.edu.ar\/sitio\/wp-content\/uploads\/2022\/12\/20221130_114429_HDR-768x576.jpg 768w, https:\/\/ens3a-caba.infd.edu.ar\/sitio\/wp-content\/uploads\/2022\/12\/20221130_114429_HDR-1536x1152.jpg 1536w, https:\/\/ens3a-caba.infd.edu.ar\/sitio\/wp-content\/uploads\/2022\/12\/20221130_114429_HDR-2048x1536.jpg 2048w\" sizes=\"(max-width: 1000px) 100vw, 1000px\" \/> <img decoding=\"async\" loading=\"lazy\" class=\"size-medium wp-image-1900 aligncenter\" src=\"https:\/\/ens3a-caba.infd.edu.ar\/sitio\/wp-content\/uploads\/2022\/12\/20221130_102522_HDR-1000x750.jpg\" alt=\"\" width=\"1000\" height=\"750\" srcset=\"https:\/\/ens3a-caba.infd.edu.ar\/sitio\/wp-content\/uploads\/2022\/12\/20221130_102522_HDR-1000x750.jpg 1000w, https:\/\/ens3a-caba.infd.edu.ar\/sitio\/wp-content\/uploads\/2022\/12\/20221130_102522_HDR-1900x1425.jpg 1900w, https:\/\/ens3a-caba.infd.edu.ar\/sitio\/wp-content\/uploads\/2022\/12\/20221130_102522_HDR-768x576.jpg 768w, https:\/\/ens3a-caba.infd.edu.ar\/sitio\/wp-content\/uploads\/2022\/12\/20221130_102522_HDR-1536x1152.jpg 1536w, https:\/\/ens3a-caba.infd.edu.ar\/sitio\/wp-content\/uploads\/2022\/12\/20221130_102522_HDR-2048x1536.jpg 2048w\" sizes=\"(max-width: 1000px) 100vw, 1000px\" \/> <img decoding=\"async\" loading=\"lazy\" class=\"size-medium wp-image-1901 aligncenter\" src=\"https:\/\/ens3a-caba.infd.edu.ar\/sitio\/wp-content\/uploads\/2022\/12\/20221130_100859_HDR-1000x750.jpg\" alt=\"\" width=\"1000\" height=\"750\" srcset=\"https:\/\/ens3a-caba.infd.edu.ar\/sitio\/wp-content\/uploads\/2022\/12\/20221130_100859_HDR-1000x750.jpg 1000w, https:\/\/ens3a-caba.infd.edu.ar\/sitio\/wp-content\/uploads\/2022\/12\/20221130_100859_HDR-1900x1425.jpg 1900w, https:\/\/ens3a-caba.infd.edu.ar\/sitio\/wp-content\/uploads\/2022\/12\/20221130_100859_HDR-768x576.jpg 768w, https:\/\/ens3a-caba.infd.edu.ar\/sitio\/wp-content\/uploads\/2022\/12\/20221130_100859_HDR-1536x1152.jpg 1536w, https:\/\/ens3a-caba.infd.edu.ar\/sitio\/wp-content\/uploads\/2022\/12\/20221130_100859_HDR-2048x1536.jpg 2048w\" sizes=\"(max-width: 1000px) 100vw, 1000px\" \/> <img decoding=\"async\" loading=\"lazy\" class=\"wp-image-1902 size-medium aligncenter\" src=\"https:\/\/ens3a-caba.infd.edu.ar\/sitio\/wp-content\/uploads\/2022\/12\/20221130_090048_HDR-1000x750.jpg\" alt=\"\" width=\"1000\" height=\"750\" srcset=\"https:\/\/ens3a-caba.infd.edu.ar\/sitio\/wp-content\/uploads\/2022\/12\/20221130_090048_HDR-1000x750.jpg 1000w, https:\/\/ens3a-caba.infd.edu.ar\/sitio\/wp-content\/uploads\/2022\/12\/20221130_090048_HDR-1900x1425.jpg 1900w, https:\/\/ens3a-caba.infd.edu.ar\/sitio\/wp-content\/uploads\/2022\/12\/20221130_090048_HDR-768x576.jpg 768w, https:\/\/ens3a-caba.infd.edu.ar\/sitio\/wp-content\/uploads\/2022\/12\/20221130_090048_HDR-1536x1152.jpg 1536w, https:\/\/ens3a-caba.infd.edu.ar\/sitio\/wp-content\/uploads\/2022\/12\/20221130_090048_HDR-2048x1536.jpg 2048w\" sizes=\"(max-width: 1000px) 100vw, 1000px\" \/><\/p>\n<p><img decoding=\"async\" loading=\"lazy\" class=\"wp-image-1903 size-medium aligncenter\" src=\"https:\/\/ens3a-caba.infd.edu.ar\/sitio\/wp-content\/uploads\/2022\/12\/20221130_083409_HDR-1000x750.jpg\" alt=\"\" width=\"1000\" height=\"750\" srcset=\"https:\/\/ens3a-caba.infd.edu.ar\/sitio\/wp-content\/uploads\/2022\/12\/20221130_083409_HDR-1000x750.jpg 1000w, https:\/\/ens3a-caba.infd.edu.ar\/sitio\/wp-content\/uploads\/2022\/12\/20221130_083409_HDR-1900x1425.jpg 1900w, https:\/\/ens3a-caba.infd.edu.ar\/sitio\/wp-content\/uploads\/2022\/12\/20221130_083409_HDR-768x576.jpg 768w, https:\/\/ens3a-caba.infd.edu.ar\/sitio\/wp-content\/uploads\/2022\/12\/20221130_083409_HDR-1536x1152.jpg 1536w, https:\/\/ens3a-caba.infd.edu.ar\/sitio\/wp-content\/uploads\/2022\/12\/20221130_083409_HDR-2048x1536.jpg 2048w\" sizes=\"(max-width: 1000px) 100vw, 1000px\" \/><\/p>\n<hr>\n<p><strong>Charla de Fernando Huanacuni Mamani &#8211; ex Canciller del Estado Plurinacional de Bolivia<\/strong><\/p>\n<p>En el marco de la c\u00e1tedra Ense\u00f1anza de las Ciencias Sociales 1 (Prof. Carolina Postiglioni) el 9 de noviembre de 2022 nos visit\u00f3 Fernando Huanacuni Mamani para conversar sobre el Vivir bien, buen vivir y la experiencia de la escuela Ayllu de Warisata. Luego hubo un intercambio de preguntas con les participantes. <a href=\"https:\/\/youtu.be\/_WxXjIQSERs\">Lo pueden ver en este enlace.<\/a><\/p>\n<p><strong>Proyecto Nombrar<\/strong><\/p>\n<p>Querida comunidad del Normal 3<\/p>\n<p>Conocen los pueblos la virtud de los nombres. Saben que el m\u00e1s duradero homenaje para preservar del olvido, ante una conciencia aturdida por la vor\u00e1gine de la era, <strong>es dar nombre<\/strong>. Una senda o un parque, un solar y hasta las estrellas merecen ser llamadas, por eso buscamos referencias para nombrar nuestras querencias.<br>Nombrar es entonces recordar y tomar posici\u00f3n. Es recuperar mojones y plantar bandera, faro o antena. Si hay nombre, hay una huella. Si hay nombre, se recupera un camino y a la vez, se\u00f1alando, se presta mirada.<br>Sembrando preguntas, construyendo respuestas, <strong>hemos pensado, compartido y seleccionado nombres para las aulas de nuestro querido profesorado.<\/strong> La propuesta colectiva nos invit\u00f3 a abrir el aula, a hacerla \u201ccrecer\u201d m\u00e1s all\u00e1 de sus paredes, a iniciar un nuevo di\u00e1logo con quienes nos precedieron y a\u00fan ense\u00f1an.<\/p>\n<p><strong>Gracias por participar en un proyecto colectivo<\/strong> que pone en acci\u00f3n lo com\u00fan, lo plural y lo lanza al futuro, porque se nombra desde la esperanza y la identidad.<br><strong>Aqu\u00ed les contamos y mostramos el resultado de las votaciones.<\/strong><\/p>\n<p>Paulo Freire: 115 votos<br>Mar\u00eda Elena Walsh: 103 votos<br>Carlos Fuentealba: 85 votos<br>Olga y Leticia Cossettini: 76 votos<br>Mafalda: 73 votos<br>Lohana Berkins: 68 votos<br>Eva Duarte: 60 votos<br>Norma Beatriz Ardito: 55 votos<br>Juana Manso: 53 votos<\/p>\n<p>Participantes totales: 233<\/p>\n<p>Estamos, junto a las autoridades del Normal, trabajando en la elaboraci\u00f3n de los carteles que se presentar\u00e1n para fin de a\u00f1o. Gracias nuevamente a todes,<br>Horacio C\u00e1rdenas y Rosana Brufal<\/p>\n<p><strong>Les compartimos <a href=\"https:\/\/ens3a-caba.infd.edu.ar\/sitio\/wp-content\/uploads\/2022\/10\/programacion-lugano.pdf\">la programaci\u00f3n de las actividades<\/a> propuestas en el marco de las Jornadas ESI Interterciarios que se desarrollar\u00e1n en nuestro Normal 3 y en las Escuelas Normales cercanas.<\/strong><\/p>\n<p><strong>El pasado 22 y 23 de octubre profes y estudiantes de la ENS 3 fuimos a la Ciudad de Rosario a visitar el Tr\u00edptico de la Infancia. Recorrimos la Granja, el Jard\u00edn de los nin\u0303os y la Isla de los Inventos. Vivimos experiencias hermosas que nos interpelaron y nos unieron como comunidad educativa. <a href=\"https:\/\/ens3a-caba.infd.edu.ar\/sitio\/wp-content\/uploads\/2022\/10\/triptico.pptx\">Les compartimos el \u00e1lbum que registra esta experiencia.<\/a><\/strong><\/p>\n<p><img decoding=\"async\" loading=\"lazy\" class=\"alignnone wp-image-1876 size-thumbnail\" src=\"https:\/\/ens3a-caba.infd.edu.ar\/sitio\/wp-content\/uploads\/2022\/10\/WhatsApp-Image-2022-10-25-at-11.20.58-2-500x500.jpeg\" alt=\"\" width=\"500\" height=\"500\"><img decoding=\"async\" loading=\"lazy\" class=\"alignnone wp-image-1879 size-thumbnail\" src=\"https:\/\/ens3a-caba.infd.edu.ar\/sitio\/wp-content\/uploads\/2022\/10\/WhatsApp-Image-2022-10-25-at-11.20.57-1-500x500.jpeg\" alt=\"\" width=\"500\" height=\"500\"> <img decoding=\"async\" loading=\"lazy\" class=\"alignnone size-medium wp-image-1878\" src=\"https:\/\/ens3a-caba.infd.edu.ar\/sitio\/wp-content\/uploads\/2022\/10\/WhatsApp-Image-2022-10-25-at-11.21.03-1000x750.jpeg\" alt=\"\" width=\"1000\" height=\"750\" srcset=\"https:\/\/ens3a-caba.infd.edu.ar\/sitio\/wp-content\/uploads\/2022\/10\/WhatsApp-Image-2022-10-25-at-11.21.03-1000x750.jpeg 1000w, https:\/\/ens3a-caba.infd.edu.ar\/sitio\/wp-content\/uploads\/2022\/10\/WhatsApp-Image-2022-10-25-at-11.21.03-768x576.jpeg 768w, https:\/\/ens3a-caba.infd.edu.ar\/sitio\/wp-content\/uploads\/2022\/10\/WhatsApp-Image-2022-10-25-at-11.21.03-1536x1152.jpeg 1536w, https:\/\/ens3a-caba.infd.edu.ar\/sitio\/wp-content\/uploads\/2022\/10\/WhatsApp-Image-2022-10-25-at-11.21.03.jpeg 1600w\" sizes=\"(max-width: 1000px) 100vw, 1000px\" \/><\/p>\n<p><strong>En octubre las c\u00e1tedras de Ense\u00f1anza de las Ciencias Sociales I de PEP del TM (Prof. Carolina Postiglioni) y TV (Prof. Mar\u00eda Jos\u00e9 Gurgo) as\u00ed como de&nbsp;Ciencias Sociales: conocer el ambiente en la Educaci\u00f3n Inicial (Prof. Mat\u00edas Alderete) recibieron la visita del Museo Etnogr\u00e1fico Juan B. Ambrosetti con su taller \u00abNos vamos de caravana\u00bb.<\/strong><\/p>\n<p><img decoding=\"async\" loading=\"lazy\" class=\"alignnone size-medium wp-image-1857\" src=\"https:\/\/ens3a-caba.infd.edu.ar\/sitio\/wp-content\/uploads\/2022\/10\/20221012_114841-1000x750.jpg\" alt=\"\" width=\"1000\" height=\"750\" srcset=\"https:\/\/ens3a-caba.infd.edu.ar\/sitio\/wp-content\/uploads\/2022\/10\/20221012_114841-1000x750.jpg 1000w, https:\/\/ens3a-caba.infd.edu.ar\/sitio\/wp-content\/uploads\/2022\/10\/20221012_114841-1900x1425.jpg 1900w, https:\/\/ens3a-caba.infd.edu.ar\/sitio\/wp-content\/uploads\/2022\/10\/20221012_114841-768x576.jpg 768w, https:\/\/ens3a-caba.infd.edu.ar\/sitio\/wp-content\/uploads\/2022\/10\/20221012_114841-1536x1152.jpg 1536w, https:\/\/ens3a-caba.infd.edu.ar\/sitio\/wp-content\/uploads\/2022\/10\/20221012_114841-2048x1536.jpg 2048w\" sizes=\"(max-width: 1000px) 100vw, 1000px\" \/> <img decoding=\"async\" loading=\"lazy\" class=\"wp-image-1858 size-medium aligncenter\" src=\"https:\/\/ens3a-caba.infd.edu.ar\/sitio\/wp-content\/uploads\/2022\/10\/IMG-20221014-WA0053-750x1000.jpg\" alt=\"\" width=\"750\" height=\"1000\" srcset=\"https:\/\/ens3a-caba.infd.edu.ar\/sitio\/wp-content\/uploads\/2022\/10\/IMG-20221014-WA0053-750x1000.jpg 750w, https:\/\/ens3a-caba.infd.edu.ar\/sitio\/wp-content\/uploads\/2022\/10\/IMG-20221014-WA0053-768x1024.jpg 768w, https:\/\/ens3a-caba.infd.edu.ar\/sitio\/wp-content\/uploads\/2022\/10\/IMG-20221014-WA0053.jpg 960w\" sizes=\"(max-width: 750px) 100vw, 750px\" \/> <img decoding=\"async\" loading=\"lazy\" class=\"alignnone wp-image-1859 size-medium\" src=\"https:\/\/ens3a-caba.infd.edu.ar\/sitio\/wp-content\/uploads\/2022\/10\/IMG-20221014-WA0055-1000x750.jpg\" alt=\"\" width=\"1000\" height=\"750\" srcset=\"https:\/\/ens3a-caba.infd.edu.ar\/sitio\/wp-content\/uploads\/2022\/10\/IMG-20221014-WA0055-1000x750.jpg 1000w, https:\/\/ens3a-caba.infd.edu.ar\/sitio\/wp-content\/uploads\/2022\/10\/IMG-20221014-WA0055-768x576.jpg 768w, https:\/\/ens3a-caba.infd.edu.ar\/sitio\/wp-content\/uploads\/2022\/10\/IMG-20221014-WA0055-1536x1152.jpg 1536w, https:\/\/ens3a-caba.infd.edu.ar\/sitio\/wp-content\/uploads\/2022\/10\/IMG-20221014-WA0055.jpg 1600w\" sizes=\"(max-width: 1000px) 100vw, 1000px\" \/> <img decoding=\"async\" loading=\"lazy\" class=\"alignnone wp-image-1860 size-medium\" src=\"https:\/\/ens3a-caba.infd.edu.ar\/sitio\/wp-content\/uploads\/2022\/10\/IMG-20221014-WA0054-1000x750.jpg\" alt=\"\" width=\"1000\" height=\"750\" srcset=\"https:\/\/ens3a-caba.infd.edu.ar\/sitio\/wp-content\/uploads\/2022\/10\/IMG-20221014-WA0054-1000x750.jpg 1000w, https:\/\/ens3a-caba.infd.edu.ar\/sitio\/wp-content\/uploads\/2022\/10\/IMG-20221014-WA0054-768x576.jpg 768w, https:\/\/ens3a-caba.infd.edu.ar\/sitio\/wp-content\/uploads\/2022\/10\/IMG-20221014-WA0054-1536x1152.jpg 1536w, https:\/\/ens3a-caba.infd.edu.ar\/sitio\/wp-content\/uploads\/2022\/10\/IMG-20221014-WA0054.jpg 1600w\" sizes=\"(max-width: 1000px) 100vw, 1000px\" \/> <img decoding=\"async\" loading=\"lazy\" class=\"size-medium wp-image-1861 aligncenter\" src=\"https:\/\/ens3a-caba.infd.edu.ar\/sitio\/wp-content\/uploads\/2022\/10\/IMG-20221012-WA0063-751x1000.jpg\" alt=\"\" width=\"751\" height=\"1000\" srcset=\"https:\/\/ens3a-caba.infd.edu.ar\/sitio\/wp-content\/uploads\/2022\/10\/IMG-20221012-WA0063-751x1000.jpg 751w, https:\/\/ens3a-caba.infd.edu.ar\/sitio\/wp-content\/uploads\/2022\/10\/IMG-20221012-WA0063-768x1023.jpg 768w, https:\/\/ens3a-caba.infd.edu.ar\/sitio\/wp-content\/uploads\/2022\/10\/IMG-20221012-WA0063-1153x1536.jpg 1153w, https:\/\/ens3a-caba.infd.edu.ar\/sitio\/wp-content\/uploads\/2022\/10\/IMG-20221012-WA0063.jpg 1201w\" sizes=\"(max-width: 751px) 100vw, 751px\" \/> <img decoding=\"async\" loading=\"lazy\" class=\"alignnone wp-image-1862 size-thumbnail\" src=\"https:\/\/ens3a-caba.infd.edu.ar\/sitio\/wp-content\/uploads\/2022\/10\/IMG-20221012-WA0060-500x500.jpg\" alt=\"\" width=\"500\" height=\"500\"><img decoding=\"async\" loading=\"lazy\" class=\"alignnone wp-image-1866 size-thumbnail\" src=\"https:\/\/ens3a-caba.infd.edu.ar\/sitio\/wp-content\/uploads\/2022\/10\/20221012_105036-500x500.jpg\" alt=\"\" width=\"500\" height=\"500\"> <img decoding=\"async\" loading=\"lazy\" class=\"alignnone wp-image-1863 size-medium\" src=\"https:\/\/ens3a-caba.infd.edu.ar\/sitio\/wp-content\/uploads\/2022\/10\/20221012_103610-1000x750.jpg\" alt=\"\" width=\"1000\" height=\"750\" srcset=\"https:\/\/ens3a-caba.infd.edu.ar\/sitio\/wp-content\/uploads\/2022\/10\/20221012_103610-1000x750.jpg 1000w, https:\/\/ens3a-caba.infd.edu.ar\/sitio\/wp-content\/uploads\/2022\/10\/20221012_103610-1900x1425.jpg 1900w, https:\/\/ens3a-caba.infd.edu.ar\/sitio\/wp-content\/uploads\/2022\/10\/20221012_103610-768x576.jpg 768w, https:\/\/ens3a-caba.infd.edu.ar\/sitio\/wp-content\/uploads\/2022\/10\/20221012_103610-1536x1152.jpg 1536w, https:\/\/ens3a-caba.infd.edu.ar\/sitio\/wp-content\/uploads\/2022\/10\/20221012_103610-2048x1536.jpg 2048w\" sizes=\"(max-width: 1000px) 100vw, 1000px\" \/> <img decoding=\"async\" loading=\"lazy\" class=\"alignnone wp-image-1864 size-thumbnail\" src=\"https:\/\/ens3a-caba.infd.edu.ar\/sitio\/wp-content\/uploads\/2022\/10\/20221012_103622-500x500.jpg\" alt=\"\" width=\"500\" height=\"500\"> <img decoding=\"async\" loading=\"lazy\" class=\"alignnone wp-image-1865 size-thumbnail\" src=\"https:\/\/ens3a-caba.infd.edu.ar\/sitio\/wp-content\/uploads\/2022\/10\/20221012_102316-500x500.jpg\" alt=\"\" width=\"500\" height=\"500\"><\/p>\n<p><!--more--><\/p>\n<p><strong>El jueves 13 de octubre la ENS N\u00ba3 particip\u00f3, junto a otras instituciones, de la Ronda de las Madres de Plaza de Mayo-L\u00ednea Fundadora. La propuesta colectiva impulsada por la Comisi\u00f3n 29+Memoria, conformada por profesores de distintas instituciones educativas, tuvo el objetivo de acompa\u00f1ar la hist\u00f3rica lucha bajo el lema \u00abMadres de la plaza los 29 las abrazan\u00bb. Asimismo, se propuso dar visibilidad a les compa\u00f1eres desaparecides en las distintas instituciones a trav\u00e9s de fotos y pancartas. Fue una oportunidad para generar un significativo espacio de encuentro entre estudiantes y docentes, para seguir construyendo memoria y aportar a nuestra identidad como multiplicadores de este ritual emblem\u00e1tico en la historia de la lucha por la verdad y la justicia.<\/strong><br><strong>Participaron la profesora Florencia Lafforgue del Taller de ESI junto a estudiantes de la materia, y se sumaron varies profesores m\u00e1s: Valeria Ianni, Yamila Frei, Graciela Pais, Paula Bialostocki y Christian Arbe.<\/strong><\/p>\n<p><img decoding=\"async\" loading=\"lazy\" class=\"alignnone size-medium wp-image-1850\" src=\"https:\/\/ens3a-caba.infd.edu.ar\/sitio\/wp-content\/uploads\/2022\/10\/IMG-20221013-WA0031-1000x750.jpg\" alt=\"\" width=\"1000\" height=\"750\" srcset=\"https:\/\/ens3a-caba.infd.edu.ar\/sitio\/wp-content\/uploads\/2022\/10\/IMG-20221013-WA0031-1000x750.jpg 1000w, https:\/\/ens3a-caba.infd.edu.ar\/sitio\/wp-content\/uploads\/2022\/10\/IMG-20221013-WA0031-768x576.jpg 768w, https:\/\/ens3a-caba.infd.edu.ar\/sitio\/wp-content\/uploads\/2022\/10\/IMG-20221013-WA0031.jpg 1280w\" sizes=\"(max-width: 1000px) 100vw, 1000px\" \/> <img decoding=\"async\" loading=\"lazy\" class=\"alignnone size-medium wp-image-1851\" src=\"https:\/\/ens3a-caba.infd.edu.ar\/sitio\/wp-content\/uploads\/2022\/10\/IMG-20221013-WA0023-1000x748.jpg\" alt=\"\" width=\"1000\" height=\"748\" srcset=\"https:\/\/ens3a-caba.infd.edu.ar\/sitio\/wp-content\/uploads\/2022\/10\/IMG-20221013-WA0023-1000x748.jpg 1000w, https:\/\/ens3a-caba.infd.edu.ar\/sitio\/wp-content\/uploads\/2022\/10\/IMG-20221013-WA0023-768x575.jpg 768w, https:\/\/ens3a-caba.infd.edu.ar\/sitio\/wp-content\/uploads\/2022\/10\/IMG-20221013-WA0023.jpg 1280w\" sizes=\"(max-width: 1000px) 100vw, 1000px\" \/> <img decoding=\"async\" loading=\"lazy\" class=\"alignnone wp-image-1852 size-thumbnail\" src=\"https:\/\/ens3a-caba.infd.edu.ar\/sitio\/wp-content\/uploads\/2022\/10\/IMG-20221013-WA0010-500x500.jpg\" alt=\"\" width=\"500\" height=\"500\"> <img decoding=\"async\" loading=\"lazy\" class=\"alignnone wp-image-1853 size-thumbnail\" src=\"https:\/\/ens3a-caba.infd.edu.ar\/sitio\/wp-content\/uploads\/2022\/10\/IMG-20221013-WA0009-500x500.jpg\" alt=\"\" width=\"500\" height=\"500\"> <img decoding=\"async\" loading=\"lazy\" class=\"alignnone wp-image-1854 size-thumbnail\" src=\"https:\/\/ens3a-caba.infd.edu.ar\/sitio\/wp-content\/uploads\/2022\/10\/IMG-20221013-WA0008-500x500.jpg\" alt=\"\" width=\"500\" height=\"500\"> <img decoding=\"async\" loading=\"lazy\" class=\"alignnone wp-image-1855 size-thumbnail\" src=\"https:\/\/ens3a-caba.infd.edu.ar\/sitio\/wp-content\/uploads\/2022\/10\/IMG-20221013-WA0006-500x500.jpg\" alt=\"\" width=\"500\" height=\"500\"> <img decoding=\"async\" loading=\"lazy\" class=\"alignnone size-medium wp-image-1856\" src=\"https:\/\/ens3a-caba.infd.edu.ar\/sitio\/wp-content\/uploads\/2022\/10\/IMG-20221013-WA0032-1000x750.jpg\" alt=\"\" width=\"1000\" height=\"750\" srcset=\"https:\/\/ens3a-caba.infd.edu.ar\/sitio\/wp-content\/uploads\/2022\/10\/IMG-20221013-WA0032-1000x750.jpg 1000w, https:\/\/ens3a-caba.infd.edu.ar\/sitio\/wp-content\/uploads\/2022\/10\/IMG-20221013-WA0032-768x576.jpg 768w, https:\/\/ens3a-caba.infd.edu.ar\/sitio\/wp-content\/uploads\/2022\/10\/IMG-20221013-WA0032.jpg 1280w\" sizes=\"(max-width: 1000px) 100vw, 1000px\" \/><\/p>\n<p>&#8212;&#8212;&#8212;&#8212;&#8212;&#8212;&#8212;&#8212;&#8212;&#8212;&#8212;&#8212;&#8212;&#8212;&#8212;&#8212;&#8212;&#8212;&#8212;&#8212;&#8212;&#8212;&#8212;&#8212;&#8212;&#8212;&#8212;&#8212;&#8212;&#8212;&#8212;&#8212;&#8212;&#8212;&#8212;&#8212;&#8212;&#8212;&#8212;&#8212;&#8212;&#8212;&#8212;&#8212;&#8212;&#8212;&#8212;&#8212;&#8212;&#8212;&#8212;&#8212;&#8212;&#8212;&#8212;&#8212;&#8212;&#8212;&#8212;&#8212;&#8212;&#8212;&#8212;&#8212;&#8212;&#8212;&#8212;&#8212;&#8212;&#8212;&#8212;&#8212;-<\/p>\n<p><strong><span id=\"m_-7443558866791661635gmail-docs-internal-guid-e3172d77-7fff-30da-4888-d3a07f2f746f\">\u00bfA qu\u00e9 nos referimos cuando el 12 de octubre hablamos del D\u00eda del Respeto a la Diversidad Cultural?\u00bfEs un d\u00eda de conmemoraci\u00f3n o de festejo? \u00bfO podemos tomarlo como una ocasi\u00f3n para repensar la historia, \u201cnuestra historia\u201d y reflexionar? \u00bfSer\u00e1 que depende de donde nos situemos o como nos identifiquemos, si se conmemora o no y de qu\u00e9 manera?&nbsp;<\/span><\/strong><\/p>\n<p><strong>En la Sede de Lugano de la ENS N\u00ba 3 nos propusimos repensar desde distintas aristas esta efem\u00e9ride. Lo hicimos en los 3 turnos en que se dictan clases.&nbsp;<\/strong><\/p>\n<p><strong>A la ma\u00f1ana escuchamos a Rafael Apaza, colla aymara miembro del espacio de La Wak&#8217;a de Parque Avellaneda.<\/strong><\/p>\n<p><strong><a href=\"https:\/\/drive.google.com\/file\/d\/1uIkJOguiTP1npssUdjM2kT7JyRuyCLUE\/view?usp=sharing\">Compartimos el audio<\/a> y algunas fotos.<\/strong><\/p>\n<p><img decoding=\"async\" loading=\"lazy\" class=\"alignnone wp-image-1841\" src=\"https:\/\/ens3a-caba.infd.edu.ar\/sitio\/wp-content\/uploads\/2022\/10\/IMG-20221011-WA0003-750x1000.jpg\" alt=\"\" width=\"494\" height=\"659\" srcset=\"https:\/\/ens3a-caba.infd.edu.ar\/sitio\/wp-content\/uploads\/2022\/10\/IMG-20221011-WA0003-750x1000.jpg 750w, https:\/\/ens3a-caba.infd.edu.ar\/sitio\/wp-content\/uploads\/2022\/10\/IMG-20221011-WA0003-768x1024.jpg 768w, https:\/\/ens3a-caba.infd.edu.ar\/sitio\/wp-content\/uploads\/2022\/10\/IMG-20221011-WA0003-1152x1536.jpg 1152w, https:\/\/ens3a-caba.infd.edu.ar\/sitio\/wp-content\/uploads\/2022\/10\/IMG-20221011-WA0003.jpg 1200w\" sizes=\"(max-width: 494px) 100vw, 494px\" \/><img decoding=\"async\" loading=\"lazy\" class=\"alignnone wp-image-1839 size-thumbnail\" src=\"https:\/\/ens3a-caba.infd.edu.ar\/sitio\/wp-content\/uploads\/2022\/10\/IMG-20221011-WA0008-500x500.jpg\" alt=\"\" width=\"500\" height=\"500\"> <img decoding=\"async\" loading=\"lazy\" class=\"size-medium wp-image-1840 aligncenter\" src=\"https:\/\/ens3a-caba.infd.edu.ar\/sitio\/wp-content\/uploads\/2022\/10\/IMG-20221011-WA0005-750x1000.jpg\" alt=\"\" width=\"750\" height=\"1000\" srcset=\"https:\/\/ens3a-caba.infd.edu.ar\/sitio\/wp-content\/uploads\/2022\/10\/IMG-20221011-WA0005-750x1000.jpg 750w, https:\/\/ens3a-caba.infd.edu.ar\/sitio\/wp-content\/uploads\/2022\/10\/IMG-20221011-WA0005-768x1024.jpg 768w, https:\/\/ens3a-caba.infd.edu.ar\/sitio\/wp-content\/uploads\/2022\/10\/IMG-20221011-WA0005-1152x1536.jpg 1152w, https:\/\/ens3a-caba.infd.edu.ar\/sitio\/wp-content\/uploads\/2022\/10\/IMG-20221011-WA0005.jpg 1200w\" sizes=\"(max-width: 750px) 100vw, 750px\" \/><br><strong>Por la tarde, la profesora Carolina Postiglioni ley\u00f3 unas palabras para repensar el calendario escolar y el nombre de la efem\u00e9ride. Tambi\u00e9n compartimos el comunicado p\u00fablico de la machi Betiana Colhuan Nahuel (presa pol\u00edtica detenida en la unidad de la polic\u00eda aeroportuaria de Bariloche del 7\/10\/22). Finalmente, con la profesora Silvia Vega escuchamos m\u00fasica y abordamos canciones infantiles relacionadas con la diversidad cultural para preguntarnos por la pertinencia de las mismas en el trabajo en el aula.<\/strong><\/p>\n<p><img decoding=\"async\" loading=\"lazy\" class=\"wp-image-1843 size-thumbnail aligncenter\" src=\"https:\/\/ens3a-caba.infd.edu.ar\/sitio\/wp-content\/uploads\/2022\/10\/IMG-20221011-WA0031-500x500.jpg\" alt=\"\" width=\"500\" height=\"500\"><\/p>\n<p><strong>En el Turno vespertino, el profesor Horacio C\u00e1rdenas ley\u00f3 unas palabras para reflexionar el torno a imaginarios y estereotipos respecto a esta fecha, para revisar y reflexionar sobre las construcciones que tenemos interiorizadas.&nbsp;<\/strong><\/p>\n<p style=\"text-align: center;\"><em>\u00abPara saber qui\u00e9nes somos hay que saber de d\u00f3nde venimos. Si nos desmienten los antepasados, si nos<\/em><br><em>humillan su memoria, pisotean nuestro orgullo.\u00bb<\/em><\/p>\n<p><img decoding=\"async\" loading=\"lazy\" class=\"wp-image-1884 size-thumbnail aligncenter\" src=\"https:\/\/ens3a-caba.infd.edu.ar\/sitio\/wp-content\/uploads\/2022\/11\/IMG-20221011-WA0055-500x500.jpg\" alt=\"\" width=\"500\" height=\"500\"><\/p>\n<p>&#8212;&#8212;&#8212;&#8212;&#8212;&#8212;&#8212;&#8212;&#8212;&#8212;&#8212;&#8212;&#8212;&#8212;&#8212;&#8212;&#8212;&#8212;&#8212;&#8212;&#8212;&#8212;&#8212;&#8212;&#8212;&#8212;&#8212;&#8212;&#8212;&#8212;&#8212;&#8212;&#8212;&#8212;&#8212;&#8212;&#8212;&#8212;&#8212;&#8212;&#8212;&#8212;&#8212;&#8212;&#8212;&#8212;&#8212;&#8212;&#8212;&#8212;&#8212;&#8212;&#8212;&#8212;&#8212;&#8212;&#8212;&#8212;&#8212;&#8212;&#8212;&#8212;&#8212;&#8212;&#8212;&#8212;&#8212;&#8212;&#8212;&#8212;&#8212;&#8212;-<\/p>\n<p style=\"text-align: left;\"><span style=\"font-family: arial, helvetica, sans-serif; font-size: 12pt;\"><strong>Las \u00e1reas se articulan. Trabajar interdisciplinariamente es fundamental y necesario.<br>A trav\u00e9s de algunas obras de diferentes \u00e9pocas, autores y tem\u00e1ticas, la profesora Marcela Jelen de Artes Visuales, abord\u00f3 la cuesti\u00f3n del arte y su interpretaci\u00f3n en la ense\u00f1anza de las Ciencias Sociales junto a la profesora Carolina Postiglioni. <\/strong><\/span><\/p>\n<p style=\"text-align: left;\"><span style=\"font-family: arial, helvetica, sans-serif; font-size: 12pt;\"><strong><img decoding=\"async\" loading=\"lazy\" class=\"alignleft wp-image-1826 size-thumbnail\" src=\"https:\/\/ens3a-caba.infd.edu.ar\/sitio\/wp-content\/uploads\/2022\/10\/20221005_093440-500x500.jpg\" alt=\"\" width=\"500\" height=\"500\"><\/strong><\/span><\/p>\n<p><span style=\"font-family: arial, helvetica, sans-serif; font-size: 12pt;\"><strong><img decoding=\"async\" loading=\"lazy\" class=\"alignright wp-image-1829 size-thumbnail\" src=\"https:\/\/ens3a-caba.infd.edu.ar\/sitio\/wp-content\/uploads\/2022\/10\/20221005_095824-500x500.jpg\" alt=\"\" width=\"500\" height=\"500\"><\/strong><\/span><\/p>\n<p>&#8212;&#8212;&#8212;&#8212;&#8212;&#8212;&#8212;&#8212;&#8212;&#8212;&#8212;&#8212;&#8212;&#8212;&#8212;&#8212;&#8212;&#8212;&#8212;&#8212;&#8212;&#8212;&#8212;&#8212;&#8212;&#8212;&#8212;&#8212;&#8212;&#8212;&#8212;&#8212;&#8212;&#8212;&#8212;&#8212;&#8212;&#8212;&#8212;&#8212;&#8212;&#8212;&#8212;&#8212;&#8212;&#8212;&#8212;&#8212;&#8212;&#8212;&#8212;&#8212;&#8212;&#8212;&#8212;&#8212;&#8212;&#8212;&#8212;&#8212;&#8212;&#8212;&#8212;&#8212;&#8212;&#8212;&#8212;&#8212;&#8212;&#8212;&#8212;&#8212;-<\/p>\n<p style=\"text-align: left;\"><span style=\"font-family: arial, helvetica, sans-serif; font-size: 12pt;\"><strong>El mi\u00e9rcoles 28 de septiembre les bibliotecaries de la ENS N\u00ba3 de la Sede Lugano dieron un Taller de Alfabetizaci\u00f3n informacional para les estudiantes de Ense\u00f1anza de las Ciencias Sociales I del Profesorado de Educaci\u00f3n Primaria en TM.&nbsp;<\/strong><\/span><\/p>\n<p><img decoding=\"async\" loading=\"lazy\" class=\"alignnone wp-image-1882 size-medium\" src=\"https:\/\/ens3a-caba.infd.edu.ar\/sitio\/wp-content\/uploads\/2022\/10\/1-1000x563.jpg\" alt=\"\" width=\"1000\" height=\"563\" srcset=\"https:\/\/ens3a-caba.infd.edu.ar\/sitio\/wp-content\/uploads\/2022\/10\/1-1000x563.jpg 1000w, https:\/\/ens3a-caba.infd.edu.ar\/sitio\/wp-content\/uploads\/2022\/10\/1-1900x1069.jpg 1900w, https:\/\/ens3a-caba.infd.edu.ar\/sitio\/wp-content\/uploads\/2022\/10\/1-768x432.jpg 768w, https:\/\/ens3a-caba.infd.edu.ar\/sitio\/wp-content\/uploads\/2022\/10\/1-1536x864.jpg 1536w, https:\/\/ens3a-caba.infd.edu.ar\/sitio\/wp-content\/uploads\/2022\/10\/1.jpg 1920w\" sizes=\"(max-width: 1000px) 100vw, 1000px\" \/><\/p>\n<hr size=\"2\" width=\"600\">\n<p style=\"text-align: left;\"><img decoding=\"async\" loading=\"lazy\" class=\"size-medium wp-image-1784 aligncenter\" src=\"https:\/\/ens3a-caba.infd.edu.ar\/sitio\/wp-content\/uploads\/2022\/09\/WhatsApp-Image-2022-09-12-at-12.22.29-707x1000.jpeg\" alt=\"\" width=\"707\" height=\"1000\" srcset=\"https:\/\/ens3a-caba.infd.edu.ar\/sitio\/wp-content\/uploads\/2022\/09\/WhatsApp-Image-2022-09-12-at-12.22.29-707x1000.jpeg 707w, https:\/\/ens3a-caba.infd.edu.ar\/sitio\/wp-content\/uploads\/2022\/09\/WhatsApp-Image-2022-09-12-at-12.22.29-768x1086.jpeg 768w, https:\/\/ens3a-caba.infd.edu.ar\/sitio\/wp-content\/uploads\/2022\/09\/WhatsApp-Image-2022-09-12-at-12.22.29.jpeg 905w\" sizes=\"(max-width: 707px) 100vw, 707px\" \/><\/p>\n<hr style=\"height: 2px; width: 600px;\" size=\"2\" width=\"600\">\n<p style=\"text-align: center;\"><\/p>","protected":false},"excerpt":{"rendered":"<p>Seguinos en Instagram para ver todo lo que sucede en el Profesorado En el marco de la Semana del Docente 2023, \u201cEn defensa de la Educaci\u00f3n P\u00fablica y los 40 a\u00f1os de democracia\u201d, se desarrollar\u00e1n diferentes propuestas desde el martes 12 al lunes 18 de septiembre. Les compartimos el calendario de actividades para que se &#8230; <a title=\"Actividades y Proyectos\" class=\"read-more\" href=\"https:\/\/ens3a-caba.infd.edu.ar\/sitio\/actividades-y-proyectos\/\" aria-label=\"More on Actividades y Proyectos\">[+]<\/a><\/p>\n","protected":false},"author":7,"featured_media":0,"parent":0,"menu_order":0,"comment_status":"closed","ping_status":"closed","template":"","meta":[],"acf":[],"_links":{"self":[{"href":"https:\/\/ens3a-caba.infd.edu.ar\/sitio\/wp-json\/wp\/v2\/pages\/852"}],"collection":[{"href":"https:\/\/ens3a-caba.infd.edu.ar\/sitio\/wp-json\/wp\/v2\/pages"}],"about":[{"href":"https:\/\/ens3a-caba.infd.edu.ar\/sitio\/wp-json\/wp\/v2\/types\/page"}],"author":[{"embeddable":true,"href":"https:\/\/ens3a-caba.infd.edu.ar\/sitio\/wp-json\/wp\/v2\/users\/7"}],"replies":[{"embeddable":true,"href":"https:\/\/ens3a-caba.infd.edu.ar\/sitio\/wp-json\/wp\/v2\/comments?post=852"}],"version-history":[{"count":30,"href":"https:\/\/ens3a-caba.infd.edu.ar\/sitio\/wp-json\/wp\/v2\/pages\/852\/revisions"}],"predecessor-version":[{"id":2185,"href":"https:\/\/ens3a-caba.infd.edu.ar\/sitio\/wp-json\/wp\/v2\/pages\/852\/revisions\/2185"}],"wp:attachment":[{"href":"https:\/\/ens3a-caba.infd.edu.ar\/sitio\/wp-json\/wp\/v2\/media?parent=852"}],"curies":[{"name":"wp","href":"https:\/\/api.w.org\/{rel}","templated":true}]}}