{"id":846,"date":"2018-08-29T23:00:47","date_gmt":"2018-08-30T02:00:47","guid":{"rendered":"https:\/\/ens3a-caba.infd.edu.ar\/sitio\/proyectos-y-actividades\/"},"modified":"2022-05-31T18:13:05","modified_gmt":"2022-05-31T21:13:05","slug":"proyectos-y-actividades","status":"publish","type":"page","link":"https:\/\/ens3a-caba.infd.edu.ar\/sitio\/proyectos-y-actividades\/","title":{"rendered":"Actividades 2013-2019"},"content":{"rendered":"<header class=\"entry-header\">\n<h1 class=\"entry-title\" style=\"text-align: center;\"><span style=\"color: #ff6600;\">A\u00f1o 2019<\/span><\/h1>\n<\/header>\n<div class=\"entry-content\">\n<p><strong>Huerta 2019<br \/>\n<\/strong><img decoding=\"async\" loading=\"lazy\" class=\"alignnone wp-image-1285 alignright\" src=\"https:\/\/ens3a-caba.infd.edu.ar\/sitio\/wp-content\/uploads\/2019\/12\/huerta.png\" alt=\"\" width=\"194\" height=\"230\" \/>En el marco del \u00e1rea de Ciencias Naturales contamos con la participaci\u00f3n y colaboraci\u00f3n de los alumnos de Naturales 1 (TM y TV), Naturales 2 (TT y TV) y Naturales Inicial ( TM y TV); supervisados por la Lic. Maria Cristina Condorelli. En esta oportunidad se llev\u00f3 a cabo la\u00a0<strong>Huerta Normal 3 Lugano versi\u00f3n 2019<\/strong>, primera experiencia vivencial en los profesorados de Ense\u00f1anza Superior de CABA.<\/p>\n<div>Dicha propuesta promueve la implementaci\u00f3n de la\u00a0<strong>Huerta Org\u00e1nica comunitaria<\/strong>\u00a0como \u00abrecurso did\u00e1ctico\u00bb para la ense\u00f1anza de Ciencias Naturales y futura planificaci\u00f3n de las mismas de los futuros maestros en escuelas de Nivel Inicial y Nivel Primario.<\/div>\n<p><strong style=\"font-size: inherit;\">Jueves de noviembre<\/strong><\/p>\n<p><img decoding=\"async\" loading=\"lazy\" class=\"wp-image-1277 alignright\" src=\"https:\/\/ens3a-caba.infd.edu.ar\/sitio\/wp-content\/uploads\/2019\/12\/paseos-pedagogicos-nov19.jpg\" sizes=\"(max-width: 315px) 100vw, 315px\" srcset=\"https:\/\/ens3a-caba.infd.edu.ar\/sitio\/wp-content\/uploads\/2019\/12\/paseos-pedagogicos-nov19.jpg 540w, https:\/\/ens3a-caba.infd.edu.ar\/sitio\/wp-content\/uploads\/2019\/12\/paseos-pedagogicos-nov19-500x500.jpg 500w\" alt=\"\" width=\"315\" height=\"315\" \/>Los jueves de noviembre se realizaron paseos pedag\u00f3gicos al Parque Avellaneda, a trav\u00e9s del proyecto educativo Aulas a cielo abierto. Disfrutaron este espacio verde y p\u00fablico estudiantes y docentes de PEP y PEI del Normal 3 sede Lugano.<br \/>\nBajo la frescura de los tilos y admirando los jacarand\u00e1s es flor, descubrieron los infinitos verdes, los huecos donde asoma el sol entre las variadas formas de las hojas, las ra\u00edces y cortezas, las mariposas y las aves que construyen nidos y anuncian vuelos.<br \/>\nTambi\u00e9n recorrieron el Antiguo Patio de Juegos y La Casona de los Olivera, transitaron su historia entre guantes, bastidores, dulces, sombreros y la ley 1153 que como faro y escudo regula la gesti\u00f3n asociada del Parque.<br \/>\nFinalmente disfrutaron algunas obras de arte contempor\u00e1neo, \u00abbuceando\u00bb en la muestra temporaria \u00abL\u00ednea de flotaci\u00f3n\u00bb.<br \/>\nCaminar y conocer.<br \/>\nPasear y preguntar. Recorrer y aprender.<br \/>\nSalir y ense\u00f1ar.<br \/>\nSe trata de verdaderas instancias educativas y constituyen oportunidades para establecer lazos complementarios con diferentes campos de conocimiento.<\/p>\n<p><strong><img decoding=\"async\" loading=\"lazy\" class=\"wp-image-1204 alignright\" src=\"https:\/\/ens3a-caba.infd.edu.ar\/sitio\/wp-content\/uploads\/2019\/11\/la-escuela-contra-el-margen.jpg\" alt=\"\" width=\"105\" height=\"150\" \/>25\/11<\/strong><br \/>\nA las 15 hs se proyect\u00f3 la pel\u00edcula \u201cLa escuela contra el margen\u201d. Luego de la proyecci\u00f3n se abri\u00f3 un espacio de intercambio con\u00a0Carlos Mires, director de la escuela donde fue firmada la pel\u00edcula, y dos alumnas actrices, Milagros Ramirez y Kjtia Fr\u00edas, que participaron en la misma.<\/p>\n<p><strong>31\/10. Jornada ESI.<\/strong><\/p>\n<p><strong><img decoding=\"async\" loading=\"lazy\" class=\"wp-image-1192 alignleft\" src=\"https:\/\/ens3a-caba.infd.edu.ar\/sitio\/wp-content\/uploads\/2019\/10\/imagen-jornada-ESI-31-10-19.png\" sizes=\"(max-width: 246px) 100vw, 246px\" srcset=\"https:\/\/ens3a-caba.infd.edu.ar\/sitio\/wp-content\/uploads\/2019\/10\/imagen-jornada-ESI-31-10-19.png 793w, https:\/\/ens3a-caba.infd.edu.ar\/sitio\/wp-content\/uploads\/2019\/10\/imagen-jornada-ESI-31-10-19-768x601.png 768w\" alt=\"\" width=\"246\" height=\"193\" \/><\/strong><img decoding=\"async\" loading=\"lazy\" class=\"wp-image-1197 alignright\" src=\"https:\/\/ens3a-caba.infd.edu.ar\/sitio\/wp-content\/uploads\/2019\/11\/ESI-31-10-19-1-750x1000.jpg\" sizes=\"(max-width: 143px) 100vw, 143px\" srcset=\"https:\/\/ens3a-caba.infd.edu.ar\/sitio\/wp-content\/uploads\/2019\/11\/ESI-31-10-19-1-750x1000.jpg 750w, https:\/\/ens3a-caba.infd.edu.ar\/sitio\/wp-content\/uploads\/2019\/11\/ESI-31-10-19-1.jpg 768w\" alt=\"\" width=\"143\" height=\"190\" \/>Organizada en los tres turnos de cursada es una conquista de los estudiantes y docentes para ampliar el derecho a todos\/as a recibir Educaci\u00f3n Sexual Integral en el marco de la ley vigente 26.150 (2006).<\/p>\n<p>Equipo de trabajo organizador: Coordinadores CFE, profesoras de ESI y estudiantes del Comit\u00e9 de G\u00e9nero.\u00a0<a href=\"https:\/\/ens3a-caba.infd.edu.ar\/sitio\/wp-content\/uploads\/2019\/10\/Programa-Actividades-Jornadas11-31-oct-19.pdf\">Ver Programa<\/a><\/p>\n<p><strong>24\/10. Lenguajes Art\u00edsticos expresivos: T\u00edteres. Conversatorio<\/strong>\u00a0<strong>con los creadores de\u00a0<em>Chocolate<\/em>\u00a0<em>por la Noticia<\/em><\/strong><img decoding=\"async\" loading=\"lazy\" class=\"wp-image-1181 alignright\" src=\"https:\/\/ens3a-caba.infd.edu.ar\/sitio\/wp-content\/uploads\/2019\/10\/chocloate-por-la-noticia-cartel-562x1000.jpg\" alt=\"\" width=\"133\" height=\"237\" \/>.<\/p>\n<p><img decoding=\"async\" loading=\"lazy\" class=\"wp-image-1182 alignleft\" src=\"https:\/\/ens3a-caba.infd.edu.ar\/sitio\/wp-content\/uploads\/2019\/10\/titiriteros-chocolate-7-1000x750.jpg\" sizes=\"(max-width: 253px) 100vw, 253px\" srcset=\"https:\/\/ens3a-caba.infd.edu.ar\/sitio\/wp-content\/uploads\/2019\/10\/titiriteros-chocolate-7-1000x750.jpg 1000w, https:\/\/ens3a-caba.infd.edu.ar\/sitio\/wp-content\/uploads\/2019\/10\/titiriteros-chocolate-7-768x576.jpg 768w, https:\/\/ens3a-caba.infd.edu.ar\/sitio\/wp-content\/uploads\/2019\/10\/titiriteros-chocolate-7.jpg 1024w\" alt=\"\" width=\"253\" height=\"190\" \/><\/p>\n<p>Compa\u00f1\u00eda y obra teatral multimedia que introduce a los ni\u00f1os al rol de las mujeres en nuestra historia desde la Revoluci\u00f3n de Mayo hasta la declaraci\u00f3n de la Independencia y el cruce de los Andes.<br \/>\nActividad organizada por la profesora\u00a0Viviana Rogozinski.<\/p>\n<p><a href=\"https:\/\/www.youtube.com\/watch?v=UQAiASCkC4g\">Trailer Chocolate por la noticia<\/a><\/p>\n<p><strong>15 al 18\/10.\u00a0Jornadas Interinstitucionales miradas y voces sobre la educaci\u00f3n superior.<\/strong><\/p>\n<p><strong><img decoding=\"async\" loading=\"lazy\" class=\" wp-image-1150 alignright\" src=\"https:\/\/ens3a-caba.infd.edu.ar\/sitio\/wp-content\/uploads\/2019\/10\/imagen-flyer-jornadas-uinterinstitucionales.png\" alt=\"\" width=\"267\" height=\"353\" \/><\/strong>Organizada por las Coordinaciones del Campo de la Formaci\u00f3n General C.A.B.A<strong>.<\/strong>\u00a0CESGE: En defensa de los 29 profesorados.<\/p>\n<p>Participan ENS 1, 2, 3, 7, 8, 9 \/ ENS SBS\/ IES 1\/ IES LV JRF<\/p>\n<p><a href=\"https:\/\/drive.google.com\/drive\/folders\/1hWTccLPfXOhLDBg4EqpoqhUApiEf1GTX?usp=sharing\">Ver Afiche y programa de las Jornadas\u00a0<\/a><\/p>\n<p><em>Participaci\u00f3n de la ENS 3 en las Jornadas<\/em>:<br \/>\n15\/10: \u201cPedagog\u00edas de la emancipaci\u00f3n: entre la Cultura, la Sociedad y el Estado\u201d. An\u00e1lisis de experiencias y debate sobre movimientos y pedagog\u00edas populares en Am\u00e9rica Latina. Proyecci\u00f3n y an\u00e1lisis del documental \u201cLa Educaci\u00f3n en movimiento\u201d. Coordinan: Roxana Heredia, Rodrigo Arriagada, Viviana Otero y Flavia Gacioppo.<br \/>\n9 a 12 hs \u2013 ENS 3 \u2013 Anexo Lugano. Saraza 4202<br \/>\n18 a 21hs \u2013 ENS 3 \u2013 San Telmo. Bol\u00edvar 1235<br \/>\n*Tradiciones pedag\u00f3gicas en la escuela argentina: f\u00f3siles que pesan. Prof. Manuel Becerra. Coordina: Ana Yahdjian.<\/p>\n<p><strong><br \/>\n15\/10:\u00a0Conversatorio.<\/strong>\u00a0<strong>Medios audiovisuales en el nivel inicial.<br \/>\n<img decoding=\"async\" loading=\"lazy\" class=\"wp-image-1147 alignright\" src=\"https:\/\/ens3a-caba.infd.edu.ar\/sitio\/wp-content\/uploads\/2019\/10\/conversatorio-Kataz-De-Cueto-801x1000.jpg\" alt=\"\" width=\"184\" height=\"230\" \/><br \/>\n<\/strong>Con las profs. Gisel Katz y Paula Del Cueto, docentes del Instituto Vocacional de Arte, sobre los talleres de medios audiovisuales que se desarrollan desde hace m\u00e1s de 10 a\u00f1os en el Nivel, desde la Pedagog\u00eda de la Educaci\u00f3n por el Arte y al Prof. Stella Kuguel.<br \/>\nOrganizado por EDI 2 Taller de la imagen Profs. Stella Kuguel y Andrea Rattin (Coordinadora del CFPD- PEI). En la Sede Lugano.<\/p>\n<p><strong>5 y 6\/10. Viaje al Tr\u00edptico de la Imaginaci\u00f3n 5<\/strong><\/p>\n<p><img decoding=\"async\" loading=\"lazy\" class=\"wp-image-1163 alignright\" src=\"https:\/\/ens3a-caba.infd.edu.ar\/sitio\/wp-content\/uploads\/2019\/10\/triptico-2019-grupo-en-la-redonda-1000x750.jpg\" sizes=\"(max-width: 432px) 100vw, 432px\" srcset=\"https:\/\/ens3a-caba.infd.edu.ar\/sitio\/wp-content\/uploads\/2019\/10\/triptico-2019-grupo-en-la-redonda-1000x750.jpg 1000w, https:\/\/ens3a-caba.infd.edu.ar\/sitio\/wp-content\/uploads\/2019\/10\/triptico-2019-grupo-en-la-redonda-768x576.jpg 768w, https:\/\/ens3a-caba.infd.edu.ar\/sitio\/wp-content\/uploads\/2019\/10\/triptico-2019-grupo-en-la-redonda.jpg 1152w\" alt=\"\" width=\"432\" height=\"324\" \/>Con motivo de la realizaci\u00f3n de nuestro viaje anual al TRIPTICO, esta vez DE LA IMAGINACI\u00d3N en la ciudad de Santa Fe, viajaron un grupo de estudiantes (PEP y PEI) de la sede San Telmo y la sede Lugano junto a profesores\/as que participaron organizaci\u00f3n del viaje.<\/p>\n<p><a href=\"http:\/\/chiquigonzalez.com.ar\/project\/habitar-la-infancia\/\"><em>Marco te\u00f3rico<\/em><\/a>\u00a0de nuestro maravilloso viaje.<\/p>\n<p><a href=\"https:\/\/ens3a-caba.infd.edu.ar\/sitio\/wp-content\/uploads\/2019\/10\/Triptico-un-modelo-para-futuros-educadores-de-la-infancia.pdf\"><em>Bit\u00e1cora<\/em>\u00a0<em>de un viaje so\u00f1ado<\/em><\/a><em>.<\/em>\u00a0Relato de la Prof. Beatriz Caba<\/p>\n<p class=\"p2\">Lugares visitados:<br \/>\n<a href=\"https:\/\/www.santafe.gob.ar\/index.php\/web\/content\/view\/full\/113883\/\"><em>El Molino, F\u00e1brica cultural<\/em><\/a><br \/>\n<em><a href=\"https:\/\/www.santafe.gob.ar\/index.php\/web\/content\/view\/full\/113884\/\">La Redonda, Arte y Vida Cotidiana<\/a><\/em><br \/>\n<em><a href=\"https:\/\/www.santafe.gob.ar\/index.php\/web\/content\/view\/full\/113885\/\">La esquina encendida<\/a><\/em><br \/>\n<em><a href=\"https:\/\/www.santafe.gob.ar\/index.php\/web\/content\/view\/full\/208098\/\">El Alero. Nacer hasta los 100 a\u00f1os<\/a><\/em><\/p>\n<p><strong><img decoding=\"async\" loading=\"lazy\" class=\"wp-image-1154 alignright\" src=\"https:\/\/ens3a-caba.infd.edu.ar\/sitio\/wp-content\/uploads\/2019\/10\/IMG-20191016-WA0026-562x1000.jpg\" sizes=\"(max-width: 133px) 100vw, 133px\" srcset=\"https:\/\/ens3a-caba.infd.edu.ar\/sitio\/wp-content\/uploads\/2019\/10\/IMG-20191016-WA0026-562x1000.jpg 562w, https:\/\/ens3a-caba.infd.edu.ar\/sitio\/wp-content\/uploads\/2019\/10\/IMG-20191016-WA0026.jpg 584w\" alt=\"\" width=\"133\" height=\"237\" \/><\/strong><strong>2\/10. Diversidad de Infancias a trav\u00e9s de Medios Audiovisuales.<\/strong><\/p>\n<p>Propuesta de la\u00a0Prof. Roc\u00edo Arozarena del EDI de Medios Audiovisuales.<br \/>\nEn el SUM de la sede de Lugano del Normal 3, se invit\u00f3 a observar materiales pensados para interrogarnos acerca de la diversidad de infancias. Ofrecemos obras literarias, fotogr\u00e1ficas y cinematogr\u00e1ficas para acercarnos desde los lenguajes expresivos, pensar en nuestra formaci\u00f3n docente, o bien, recurrir a ellos a la hora de idear propuestas para el ense\u00f1ar.<\/p>\n<p><strong>13\/6 en TV y 18\/6 en TM. Taller \u00abEducaci\u00f3n Digital y Ciencias Sociales\u00bb<\/strong>\u00a0en el marco de la materia que dicta la profesora Carolina Postiglioni: \u00abEnse\u00f1anza de las Ciencias Sociales II de PEP\u00bb. Destinado a docentes y estudiantes de la instituci\u00f3n.<\/p>\n<\/div>\n<h1 style=\"text-align: center;\"><span style=\"color: #ff6600;\"><strong>A\u00f1o 2018<\/strong><\/span><\/h1>\n<p><strong>22 de junio. Jornada ESI<\/strong>:<br \/>\n<img decoding=\"async\" loading=\"lazy\" class=\"alignnone size-full wp-image-914 alignright\" src=\"https:\/\/ens3a-caba.infd.edu.ar\/sitio\/wp-content\/uploads\/2018\/10\/ESI-e1540990673825.jpg\" alt=\"\" width=\"117\" height=\"97\" \/>Los temas abordados fueron:<br \/>\n\u2013 \u00bfQu\u00e9 es la educaci\u00f3n sexual\u00a0integral?<br \/>\n\u2013 \u00bfPor qu\u00e9 el aborto como contenido de ESI para la escuela primaria?<br \/>\n\u2013 Debate por la legalizaci\u00f3n del aborto.<br \/>\n\u2013 Protocolo de intervenci\u00f3n institucional ante situaciones de violencia de g\u00e9nero.<\/p>\n<p>Se cont\u00f3 con la presencia de diversas especialistas:\u00a0Lic. Andrea Berra, Psic\u00f3loga (UBA), Magister en G\u00e9nero, Sociedad y Pol\u00edticas (FLACSO), integrante de la Red de Profesionales de la Salud por el Derecho a Decidir, Docente de la Facultad de Psicolog\u00eda UBA, Psic\u00f3loga del CESAC N\u00b0 7 y FUSA, e integrante de la Campa\u00f1a Nacional por el Derecho al Aborto.<br \/>\nDra. Mar\u00eda Eugenia di Prieto, m\u00e9dica especialista en medicina general y familiar (UBA), con estudios de postgrado en medicina social y comunitaria (UBA), integrante de la Red de Profesionales de la Salud por el Derecho a Decidir, Educadora Popular, m\u00e9dica generalista del CESAC N\u00b07, organizadora del espacio Grupo de Mujeres en el CESAC N\u00b0 7, integrante de la Campa\u00f1a Nacional por el Derecho al Aborto y del Comit\u00e9 de Violencia en el Hospital Santojanni.<br \/>\nDiputada Nacional por el PTS-FIT, Nathalia Gonz\u00e1lez Seligra, licenciada y profesora en sociolog\u00eda, docente de escuela primaria, militante de la agrupaci\u00f3n H.I.J.O.S y secretaria de DDHH de Suteba.<\/p>\n<p><strong>6 y 7 de octubre<\/strong>:\u00a0<strong><a href=\"http:\/\/www.mapadeninos.com.ar\/noticias\/noticiamuestra.asp?Id=235\">Tr\u00edptico de la Infancia<\/a><\/strong><br \/>\n<img decoding=\"async\" loading=\"lazy\" class=\"alignnone size-full wp-image-1067 alignright\" src=\"https:\/\/ens3a-caba.infd.edu.ar\/sitio\/wp-content\/uploads\/2018\/12\/triptico-2018-a-e1543933230133.png\" alt=\"\" width=\"240\" height=\"135\" \/>Realizamos con estudiantes y profesores de Nivel Terciario un nuevo viaje. La propuesta constituye, como se\u00f1ala la prof. Beatriz Caba,\u00a0<em>\u00abun\u00a0modelo de un nuevo paradigma educativo cultural que todo educador y futuro educador necesita conocer, explorar, vivenciar, ensayar, disfrutar.\u00bb<\/em><\/p>\n<p><a href=\"https:\/\/viajealtripticoens3.blogspot.com\/2018\/10\/bitacora-de-un-viaje-sonado.html\">Seguir leyendo\u2026<\/a><\/p>\n<p><strong>10 de octubre: Jornada de Encuentro con los Lenguajes Art\u00edsticos<br \/>\n<\/strong>Por iniciativa de las profesoras\u00a0Julieta Guaglianone, Silvia Vega y Roc\u00edo Arozarena se propuso un encuentro con los lenguajes art\u00edsticos con la intenci\u00f3n de continuar con\u00a0<em>el ofrecimiento de experiencias con el arte\u00a0<\/em>a fin de\u00a0que la comunidad educativa pueda estar en contacto de manera aut\u00f3noma y vivencial, recorriendo libremente, algunos espacios organizados por lenguajes expresivos.\u00a0Se ofreci\u00f3 una mesa de libros, un espacio para la apreciaci\u00f3n de obras de arte, espacio de proyecci\u00f3n de obras de danza y otro de audiovisuales en los que se evidencia la interacci\u00f3n entre la m\u00fasica y la imagen.<strong><img decoding=\"async\" loading=\"lazy\" class=\"alignnone wp-image-909 alignright\" src=\"https:\/\/ens3a-caba.infd.edu.ar\/sitio\/wp-content\/uploads\/2018\/10\/taller-filo-ninos-ENS-N-03-e1540988432701.jpg\" alt=\"\" width=\"100\" height=\"140\" \/><\/strong><\/p>\n<div id=\"metaslider-id-994\" class=\"ml-slider-3-20-3 metaslider metaslider-coin metaslider-994 ml-slider\">\n<div id=\"metaslider_container_994\">\n<div id=\"coin-slider-metaslider_994\" class=\"coin-slider\">\n<div id=\"metaslider_994\" class=\"coin-slider\"><\/div>\n<\/div>\n<\/div>\n<\/div>\n<p><strong>19 de octubre: Taller de Filosof\u00eda para ni\u00f1xs<br \/>\n<\/strong>Se dio inicio a un taller Introductorio a cargo de las profesoras Agustina Arrigorr\u00eda, Yamila Crescenzi y Laura Gallazzi con una duraci\u00f3n de dos encuentros.<\/p>\n<p><strong>31 de octubre: Jornada ESI<br \/>\n<\/strong><img decoding=\"async\" loading=\"lazy\" class=\"alignnone size-full wp-image-914 alignright\" src=\"https:\/\/ens3a-caba.infd.edu.ar\/sitio\/wp-content\/uploads\/2018\/10\/ESI-e1540990673825.jpg\" alt=\"\" width=\"117\" height=\"97\" \/>Realizamos una nueva Jornada.<br \/>\n<em>Turno ma\u00f1ana<\/em>: Taller y mesa de debate con especialistas en \u00a0Prevenci\u00f3n\u00a0del abuso sexual infantil. Especialistas invitadas:Celeste Mac Dougall, docente de nivel medio y superior, especialista superior en Educaci\u00f3n Sexual (ISP J.V.Gonz\u00e1lez),\u00a0especialista en G\u00e9nero y Derecho (UBA), Mg. en Estudios de la Diferencia Sexual (Universitat de Barcelona)Agustina Vidales Ag\u00fcero, Lic. en Sociolog\u00eda, trabajadora de la Direcci\u00f3n de Ni\u00f1ez y Adolescencia:Mar\u00eda Eugenia Di Pietro, \u00a0m\u00e9dica generalista,<\/p>\n<p><em>Turno Tarde<\/em>:\u00a0Charla sobre \u201cLenguaje Inclusivo\u201d, a cargo del doctor Santiago Kalinowski, ling\u00fcista y lexic\u00f3grafo.<\/p>\n<p><em>Turno Vespertino<\/em>:\u00a0Estereotipos de g\u00e9nero, diversidad y ley de identidad de g\u00e9nero.\u00a0Proyecci\u00f3n de la pel\u00edcula Tomboy.\u00a0Debate posterior.<\/p>\n<p><strong>2 de noviembre: Muestra de taller de Tango<\/strong><br \/>\n<img decoding=\"async\" loading=\"lazy\" class=\"alignnone size-full wp-image-1069 alignright\" src=\"https:\/\/ens3a-caba.infd.edu.ar\/sitio\/wp-content\/uploads\/2018\/12\/tango.jpg\" alt=\"\" width=\"259\" height=\"194\" \/>Se llev\u00f3 a cabo una muestra taller de tango a cargo de la bailarina Eva Dom\u00ednguez, quien interpret\u00f3 coreograf\u00edas propias y luego ofreci\u00f3 un taller vivencial de tango para los estudiantes y docentes presentes.<br \/>\nEl encuentro se produjo en el marco de la c\u00e1tedra Expresi\u00f3n Corporal a cargo de la profesora Liliana Pereyra.<\/p>\n<p><strong>EXPERIENCIAS<\/strong><\/p>\n<p><strong>Huerta ENS 3 Lugano 2018.<img decoding=\"async\" loading=\"lazy\" class=\" wp-image-1034 alignright\" src=\"https:\/\/ens3a-caba.infd.edu.ar\/sitio\/wp-content\/uploads\/2018\/11\/IMG-20181113-WA0005.jpg\" alt=\"\" width=\"202\" height=\"290\" \/><br \/>\n<\/strong>En el marco de las Ciencias Naturales se proponen algunas experiencias para el mejoramiento de la calidad de la ense\u00f1anza ofreciendo propuestas innovadoras para enriquecer y ampliar las futuras pr\u00e1cticas docentes. \u00a0Tal el caso del proyecto\u00a0<em>Huerta ENS 3 Lugano 2018<\/em>\u00a0desarrollado por estudiantes de\u00a0la materia Ense\u00f1anza de las Ciencias Naturales II a cargo de la Lic. Prof. Ma. Cristina Condorelli junto con otros actores institucionales invitados.<\/p>\n<div id=\"metaslider-id-927\" class=\"ml-slider-3-20-3 metaslider metaslider-coin metaslider-927 ml-slider\">\n<div id=\"metaslider_container_927\">\n<div id=\"coin-slider-metaslider_927\" class=\"coin-slider\">\n<div id=\"metaslider_927\" class=\"coin-slider\"><\/div>\n<\/div>\n<\/div>\n<\/div>\n<h1 style=\"text-align: center;\"><span style=\"color: #ff6600;\"><strong>A\u00f1o 2017<\/strong><\/span><\/h1>\n<p><strong>Jornada \u00abHuellas de la Escuela\u00bb<\/strong><\/p>\n<p><a href=\"https:\/\/huellasdelaescuela.wordpress.com\/2017\/06\/01\/\">Compartimos con ustedes el link a la publicaci\u00f3n en el blog de \u201cHuellas de la Escuela\u201d<\/a> con la cr\u00f3nica de las Jornadas sobre Rosario Vera Pe\u00f1aloza y Juana Manso realizadas en Sede San Telmo.<\/p>\n<p><strong>Encuentro con autoridades escolares<\/strong><\/p>\n<p>El lunes 19 de junio de 2017 tuvo lugar un encuentro con autoridades escolares. Estuvieron intercambiando sus experiencias y conocimientos sobre normativa escolar las profesoras: Liliana Pugliese (directora de nivel inicial) y Miriam Pugliese (directora del nivel primario del DE 13). Los temas abordaron fueron los siguiente: relaci\u00f3n familia y escuela, entrevistas con padres y reuniones de padres, articulaci\u00f3n nivel inicial y escuela primaria y c\u00f3mo abordar los problemas de convivencia en la escuela.<\/p>\n<p>Asistieron a este encuentro estudiantes del profesorado de PEI y PEP, que cursan los talleres de pr\u00e1ctica.<\/p>\n<p>El lunes 26, a las 17:30 en el anexo Lugano, contaremos con la presencia de las profesoras: Ver\u00f3nica Pucciarelli, Carolina Rising. Ambas maestras de nivel primario, con ellas trabajaremos: armado de registros, dise\u00f1os de boletines, elaboraci\u00f3n de un acto escolar.<\/p>\n<h1 style=\"text-align: center;\"><span style=\"font-family: verdana,geneva; font-size: 14pt; color: #ff6600;\">A\u00f1o 2016<\/span><\/h1>\n<hr style=\"height: 3px; width: 650px;\" size=\"3\" width=\"650\" \/>\n<table style=\"width: 683px; height: 510px;\" border=\"0\">\n<tbody>\n<tr>\n<td><strong><span style=\"font-family: verdana, geneva; font-size: 10pt;\">MESA DEBATE<\/span><\/strong><\/p>\n<p><span style=\"font-family: verdana, geneva; font-size: 10pt;\">\u00abDe eso no se habla: <\/span><\/p>\n<p><span style=\"font-family: verdana, geneva; font-size: 10pt;\">escuela y diversidad sexual\u00bb<\/span><\/td>\n<td><img decoding=\"async\" loading=\"lazy\" style=\"border: 0;\" title=\"\" src=\"https:\/\/ens3a-caba.infd.edu.ar\/sitio\/wp-content\/uploads\/2018\/08\/taller1_2.jpg\" width=\"219\" height=\"180\" border=\"0\" \/>\u00a0\u00a0<img decoding=\"async\" loading=\"lazy\" style=\"border: 0;\" title=\"\" src=\"https:\/\/ens3a-caba.infd.edu.ar\/sitio\/wp-content\/uploads\/2018\/08\/taller_2.jpg\" width=\"221\" height=\"179\" border=\"0\" \/><\/p>\n<p><img decoding=\"async\" loading=\"lazy\" style=\"border: 0;\" title=\"\" src=\"https:\/\/ens3a-caba.infd.edu.ar\/sitio\/wp-content\/uploads\/2018\/08\/taller4.jpg\" width=\"219\" height=\"175\" border=\"0\" \/>\u00a0 \u00a0<span style=\"font-family: verdana,geneva; font-size: 14pt; color: #ff6600;\"><img decoding=\"async\" loading=\"lazy\" style=\"border: 0;\" title=\"\" src=\"https:\/\/ens3a-caba.infd.edu.ar\/sitio\/wp-content\/uploads\/2018\/08\/taller5.jpg\" width=\"217\" height=\"175\" border=\"0\" \/><\/span><\/td>\n<\/tr>\n<\/tbody>\n<\/table>\n<h1 style=\"text-align: center;\"><span style=\"font-family: verdana,geneva; font-size: 14pt; color: #ff6600;\">A\u00f1o 2015<\/span><\/h1>\n<hr style=\"height: 3px; width: 650px;\" size=\"3\" width=\"650\" \/>\n<table style=\"width: 683px; height: 4358px;\" border=\"0\">\n<tbody>\n<tr>\n<td><strong><span style=\"font-family: verdana,geneva; font-size: 10pt;\">D\u00cdA DE LA MEMORIA<\/span><\/strong><\/p>\n<p><span style=\"font-family: verdana,geneva; font-size: 10pt;\">Recibimos la visita de Teatro x la Identidad. En esta ocasi\u00f3n el elenco itinerante nos ofreci\u00f3 2 obras breves, una se llam\u00f3 \u201cDos casetes\u201d y otra, \u201cUna estirpe de petisas\u201d. Ambas fueron aplaudidas con emoci\u00f3n y construyeron un espacio de reflexi\u00f3n sobre la funci\u00f3n docente en el comienzo del ciclo lectivo.<\/span><\/p>\n<p style=\"margin-left: 1.27cm; margin-bottom: 0cm;\"><span style=\"font-family: verdana,geneva; font-size: 10pt;\">\u00a0<\/span><\/p>\n<\/td>\n<td>\n<p style=\"margin-left: 1.27cm; margin-bottom: 0cm;\"><span style=\"font-family: verdana,geneva; font-size: 10pt;\"><img decoding=\"async\" loading=\"lazy\" style=\"vertical-align: middle; display: block; margin-left: auto; margin-right: auto;\" src=\"https:\/\/ens3a-caba.infd.edu.ar\/aula\/archivos\/repositorio\/500\/634\/teatro_por_la_identidad.png\" alt=\"\" width=\"331\" height=\"217\" border=\"0\" \/><\/span><\/p>\n<\/td>\n<\/tr>\n<tr>\n<td><img decoding=\"async\" loading=\"lazy\" style=\"vertical-align: middle; display: block; margin-left: auto; margin-right: auto;\" src=\"https:\/\/ens3a-caba.infd.edu.ar\/aula\/archivos\/repositorio\/500\/635\/Triptico2.jpg\" alt=\"\" width=\"284\" height=\"190\" border=\"0\" \/><\/p>\n<p><span style=\"font-family: verdana,geneva; font-size: 10pt;\"><img decoding=\"async\" loading=\"lazy\" style=\"vertical-align: middle; display: block; margin-left: auto; margin-right: auto;\" src=\"https:\/\/ens3a-caba.infd.edu.ar\/aula\/archivos\/repositorio\/500\/632\/Triptico.jpg\" alt=\"\" width=\"284\" height=\"200\" border=\"0\" \/><\/span><\/td>\n<td>\n<p style=\"margin-bottom: 0cm;\"><strong><span style=\"font-family: verdana,geneva; font-size: 10pt;\">SALIDA DID\u00c1CTICA<\/span><\/strong><\/p>\n<p><span style=\"font-family: verdana,geneva; font-size: 10pt;\">En el mes de Mayo (s\u00e1bado 30 y domingo 31) se realiz\u00f3 la salida did\u00e1ctica al<strong> TRIPTICO DE LA INFANCIA (CIUDAD DE ROSARIO)<\/strong> con 40 alumnos de profesorado de PEI y de PEP Tr\u00edptico de la Infancia en la ciudad de Rosario (Pcia. de Santa Fe) junto a los profesores de las \u00e1reas de Juego, expresivas y did\u00e1cticas. La actividad fue coordinada por la prof Beatriz Caba, Prof. Diego Larrigaudiere y Prof Atilio Marc\u00f3n<\/span><\/td>\n<\/tr>\n<tr>\n<td>\n<p style=\"margin-bottom: 0cm;\"><strong><span style=\"font-size: 10pt; font-family: verdana,geneva;\">REHABILITACI\u00d3N CARDIO PULMONAR<\/span><\/strong><\/p>\n<p style=\"margin-bottom: 0cm;\"><span style=\"font-family: verdana,geneva; font-size: 10pt;\">Se coordin\u00f3 con la Asociaci\u00f3n de Anestesia Analgesia y Reanimaci\u00f3n de Buenos Aires (AAARBA) la realizaci\u00f3n en mayo en la sede Parque Avellaneda de un curso b\u00e1sico de Reanimaci\u00f3n Cardiopulmonar . Esta instituci\u00f3n pertenece al Centro de Entrenamiento de la American Heart Association, por lo que toda la informaci\u00f3n brindada en este curso respeta las normas nacionales e internacionales de reanimaci\u00f3n que suscribe esta reconocida entidad. Se capacit\u00f3 a todos los estudiantes del Turno ma\u00f1ana y tarde, y a un grupo de estudiantes del Turno noche que pudieron asistir a contraturno.<\/span><\/p>\n<p style=\"margin-bottom: 0cm;\">\n<\/td>\n<td><span style=\"font-family: verdana,geneva; font-size: 10pt;\"><img decoding=\"async\" loading=\"lazy\" style=\"vertical-align: middle; display: block; margin-left: auto; margin-right: auto;\" src=\"https:\/\/ens3a-caba.infd.edu.ar\/aula\/archivos\/repositorio\/500\/629\/rcp1.jpg\" alt=\"\" width=\"269\" height=\"233\" border=\"0\" \/><\/span><\/td>\n<\/tr>\n<tr>\n<td><span style=\"font-family: verdana,geneva; font-size: 10pt;\"><img decoding=\"async\" loading=\"lazy\" style=\"vertical-align: middle; border: 0px; display: block; margin-left: auto; margin-right: auto;\" src=\"https:\/\/ens3a-caba.infd.edu.ar\/aula\/archivos\/repositorio\/500\/609\/coplera_2.jpg\" alt=\"\" width=\"302\" height=\"197\" border=\"0\" \/><\/span><\/td>\n<td>\n<p style=\"margin-bottom: 0cm;\"><strong><span style=\"font-family: verdana,geneva; font-size: 10pt;\">COPLERA<\/span><\/strong><\/p>\n<p><span style=\"font-family: verdana, geneva; font-size: 10pt;\">Se recibi\u00f3 la visita de la coplera Laura Peralta con su grupos de m\u00fasicos para compartir sus investigaciones sobre m\u00fasica tradicional y carnaval en el Norte argentino. La presentaci\u00f3n const\u00f3 de la proyecci\u00f3n de un documental (mediometraje) acerca del carnaval en el Norte desde la visi\u00f3n de sus pobladores y luego de un recorrido musical de las coplas de las diferentes regiones de nuestro pa\u00eds, para finalizar con una experiencia de canto colectivo con los participantes. El espect\u00e1culo fue auspiciado por UTE y l el Ministerio de Cultura de la Naci\u00f3n.<\/span><\/td>\n<\/tr>\n<tr>\n<td>\n<p style=\"margin-bottom: 0cm;\"><strong><span style=\"font-family: verdana,geneva; font-size: 10pt;\">CHARLA<\/span><\/strong><\/p>\n<p><span style=\"font-family: verdana,geneva; font-size: 10pt;\">Nos visit\u00f3 el Dr. Pablo Pineau. El nombre de la charla fue \u201cOtra vez sopa: infancia y escuela en Mafalda\u201d en el que el prof. Pineau present\u00f3 un excelente fresco de la situaci\u00f3n educativa de la \u00e9poca, con debate posterior.<\/span><\/p>\n<p style=\"margin-bottom: 0cm; line-height: 100%;\"><span style=\"font-family: verdana,geneva; font-size: 10pt;\">\u00a0<\/span><\/p>\n<p style=\"margin-bottom: 0cm; line-height: 100%;\"><span style=\"font-family: verdana,geneva; font-size: 10pt;\">\u00a0<\/span><\/p>\n<p style=\"margin-bottom: 0cm;\">\n<\/td>\n<td><span style=\"font-family: verdana,geneva; font-size: 10pt;\"><img decoding=\"async\" loading=\"lazy\" style=\"vertical-align: middle; display: block; margin-left: auto; margin-right: auto;\" src=\"https:\/\/ens3a-caba.infd.edu.ar\/aula\/archivos\/repositorio\/500\/630\/Pineau.jpg\" alt=\"\" width=\"302\" height=\"231\" border=\"0\" \/><\/span><\/p>\n<p><span style=\"font-family: verdana,geneva; font-size: 10pt;\"><img decoding=\"async\" loading=\"lazy\" style=\"vertical-align: middle; display: block; margin-left: auto; margin-right: auto;\" src=\"https:\/\/ens3a-caba.infd.edu.ar\/aula\/archivos\/repositorio\/500\/631\/Pineau_2.jpg\" alt=\"\" width=\"306\" height=\"234\" border=\"0\" \/><\/span><\/td>\n<\/tr>\n<tr>\n<td><span style=\"font-family: verdana,geneva; font-size: 10pt;\"><img decoding=\"async\" loading=\"lazy\" style=\"vertical-align: middle; border: 0px; display: block; margin-left: auto; margin-right: auto;\" src=\"https:\/\/ens3a-caba.infd.edu.ar\/aula\/archivos\/repositorio\/500\/626\/Primeros_Auxilios.jpg\" alt=\"\" width=\"279\" height=\"245\" border=\"0\" \/><br \/>\n<\/span><\/td>\n<td>\n<p style=\"margin-bottom: 0cm;\"><strong><span style=\"font-family: verdana,geneva; font-size: 10pt;\">CURSO DE PRIMEROS AUXILIOS<\/span><\/strong><\/p>\n<p style=\"margin-bottom: 0cm;\"><span style=\"font-size: 10pt; font-family: verdana,geneva;\">La Fundaci\u00f3n Escuela de Socorrismo y Primeros Auxilios (registrada en la Inspecci\u00f3n General de Justicia (IGJ) de la Ciudad Aut\u00f3noma de Buenos Aires, bajo el N\u00famero de Resoluci\u00f3n 920\/06), ofreci\u00f3 en junio un curso de primeros auxilios b\u00e1sicos para afrontar las emergencias m\u00e1s com\u00fanes hasta la llegada del personal de salud, a los estudiantes del Profesorado de Educaci\u00f3n Primaria. <\/span><\/p>\n<p style=\"margin-bottom: 0cm;\"><span style=\"font-family: verdana,geneva; font-size: 10pt;\">\u00a0<\/span><\/p>\n<p style=\"margin-bottom: 0cm;\">\n<\/td>\n<\/tr>\n<\/tbody>\n<\/table>\n<h1 style=\"text-align: center;\"><strong><span style=\"font-family: verdana,geneva; font-size: 14pt; color: #ff6600;\">A\u00f1o 2014<\/span><\/strong><\/h1>\n<hr style=\"height: 3px; width: 650px;\" size=\"3\" width=\"650\" \/>\n<table style=\"width: 653px; height: 1127px;\" border=\"0\">\n<tbody>\n<tr>\n<td>\n<p style=\"margin-bottom: 0cm;\"><strong><span style=\"font-family: verdana,geneva; font-size: 10pt;\">MUESTRA ITINERANTE<\/span><\/strong><\/p>\n<p><span style=\"font-family: verdana,geneva; font-size: 10pt;\">La muestra \u201cLo que el borrador no se llev\u00f3\u201d 1580 -1976 recorre diferentes momentos en la historia de las escuelas en Argentina. Fue exhibida durante el mes de abril y analizada en diferentes espacios curriculares.<\/span><\/td>\n<td><span style=\"font-family: verdana,geneva; font-size: 10pt;\">\u00a0<\/span><\/p>\n<p><span style=\"font-family: verdana,geneva; font-size: 10pt;\"><img decoding=\"async\" loading=\"lazy\" style=\"vertical-align: middle; display: block; margin-left: auto; margin-right: auto;\" src=\"https:\/\/ens3a-caba.infd.edu.ar\/aula\/archivos\/repositorio\/500\/615\/muestra_1.JPG\" alt=\"\" width=\"245\" height=\"220\" border=\"0\" \/><\/span><\/td>\n<\/tr>\n<tr>\n<td><span style=\"font-family: verdana,geneva; font-size: 10pt;\"><img decoding=\"async\" loading=\"lazy\" style=\"vertical-align: middle; display: block; margin-left: auto; margin-right: auto;\" src=\"https:\/\/ens3a-caba.infd.edu.ar\/aula\/archivos\/repositorio\/500\/628\/museologa_1.JPG\" alt=\"\" width=\"302\" height=\"200\" border=\"0\" \/><\/span><\/p>\n<p><span style=\"font-family: verdana,geneva; font-size: 10pt;\"><img decoding=\"async\" loading=\"lazy\" style=\"vertical-align: middle; display: block; margin-left: auto; margin-right: auto;\" src=\"https:\/\/ens3a-caba.infd.edu.ar\/aula\/archivos\/repositorio\/500\/621\/lo_que_el_borrador_no_se_llevo.jpg\" alt=\"\" width=\"305\" height=\"181\" border=\"0\" \/><\/span><\/td>\n<td>\n<p style=\"margin-bottom: 0cm;\"><strong><span style=\"font-family: verdana,geneva; font-size: 10pt;\">JORNADA<\/span><\/strong><\/p>\n<p style=\"margin-bottom: 0cm;\"><span style=\"font-family: verdana, geneva; font-size: 10pt;\">En el contexto de la Muestra \u201cLo que el borrador no se llev\u00f3\u201d se desarroll\u00f3 la Jornada:\u201cLos docentes como agentes culturales\u201d a cargo de la Lic. Juliana Di Marco (Lic. en Museolog\u00eda). La jornada nos invit\u00f3 a <\/span><strong style=\"font-family: verdana, geneva; font-size: 10pt;\">cuestionar nuestra pr\u00e1ctica docente desde el lugar de un agente mediador de la cultura<\/strong><\/p>\n<\/td>\n<\/tr>\n<tr>\n<td>\n<p style=\"margin-bottom: 0cm;\"><strong><span style=\"font-family: verdana,geneva; font-size: 10pt;\">JORNADA<\/span><\/strong><\/p>\n<p style=\"margin-bottom: 0cm;\"><span style=\"font-family: verdana, geneva; font-size: 10pt;\">En Octubre se llev\u00f3 adelante la Jornada sobre \u00abTrayectorias escolares discontinuas: estigmas y posibilidades\u00bb a cargo de la Lic. Patricia Maddonni en la que se invit\u00f3 a discutir los determinismos y a resistir la idea de las \u201ccartas marcadas\u201d del mazo social para dar cuenta de las condiciones que configuran los horizontes de acci\u00f3n pedag\u00f3gica posibles.<\/span><\/p>\n<\/td>\n<td><span style=\"font-family: verdana,geneva; font-size: 10pt;\"><img decoding=\"async\" loading=\"lazy\" style=\"vertical-align: middle; display: block; margin-left: auto; margin-right: auto;\" src=\"https:\/\/ens3a-caba.infd.edu.ar\/aula\/archivos\/repositorio\/500\/613\/Maddonni.jpg\" alt=\"\" width=\"293\" height=\"178\" border=\"0\" \/><\/span><\/td>\n<\/tr>\n<tr>\n<td><span style=\"font-family: verdana,geneva; font-size: 10pt;\"><img decoding=\"async\" loading=\"lazy\" style=\"vertical-align: middle; border: 0px; display: block; margin-left: auto; margin-right: auto;\" src=\"https:\/\/ens3a-caba.infd.edu.ar\/aula\/archivos\/repositorio\/500\/611\/Diversidad__14.JPG\" alt=\"\" width=\"270\" height=\"190\" border=\"0\" \/><\/span><\/p>\n<p><img decoding=\"async\" loading=\"lazy\" style=\"vertical-align: middle; display: block; margin-left: auto; margin-right: auto;\" src=\"https:\/\/ens3a-caba.infd.edu.ar\/aula\/archivos\/repositorio\/500\/617\/Diversidad_2.JPG\" alt=\"\" width=\"284\" height=\"168\" border=\"0\" \/><\/td>\n<td>\n<p style=\"margin-bottom: 0cm;\"><strong><span style=\"font-family: verdana,geneva; font-size: 10pt;\">D\u00cdA DEL RESPETO A LA DIVERSIDAD CULTURAL<\/span><\/strong><\/p>\n<p><span style=\"font-family: verdana,geneva; font-size: 10pt;\">La profesora Silvia Dubrovsky y la prof. Silvia Vega organizaron un acto con las estudiantes del PEP y PEI para profundizar en el sentido de la fecha y propiciar el aprendizaje a partir de la diferencia cultural. Con este objetivo adem\u00e1s de la investigaci\u00f3n conceptual se propuso una instancia de canto comunitario con instrumentos no convencionales.<\/span><\/td>\n<\/tr>\n<tr>\n<td>\n<p style=\"margin-bottom: 0cm;\"><strong><span style=\"font-family: verdana,geneva; font-size: 10pt;\">MUESTRA<\/span><\/strong><\/p>\n<p style=\"margin-bottom: 0cm;\"><span style=\"font-family: verdana, geneva; font-size: 10pt;\">En el marco del d\u00eda del juego, 27 de setiembre, en la Ciudad de Bs As., declarado con el Decreto 1436 en el 2005 por GCBA, junto con UNICEF e IPA Argentina Asociaci\u00f3n Internacional por el Derecho del Ni\u00f1o\/a a Jugar, se realiza la muestra: <\/span><strong style=\"font-family: verdana, geneva; font-size: 10pt;\">\u00a8INFANCIAS: JUEGO, EDUCACI\u00d3N Y HUMOR\u00a8,<\/strong><span style=\"font-family: verdana, geneva; font-size: 10pt;\"> para toda la comunidad educativa del Anexo del ENS Nro.3 anexo Lugano.<\/span><\/p>\n<\/td>\n<td><img decoding=\"async\" loading=\"lazy\" style=\"vertical-align: middle; display: block; margin-left: auto; margin-right: auto;\" src=\"https:\/\/ens3a-caba.infd.edu.ar\/aula\/archivos\/repositorio\/500\/616\/juego_y_humor.png\" alt=\"\" width=\"276\" height=\"239\" border=\"0\" \/><\/td>\n<\/tr>\n<tr>\n<td><span style=\"font-family: verdana,geneva; font-size: 10pt;\">\u00a0<\/span><\/p>\n<p><span style=\"font-family: verdana,geneva; font-size: 10pt;\"><img decoding=\"async\" loading=\"lazy\" style=\"vertical-align: middle; display: block; border: 0px; margin-left: auto; margin-right: auto;\" src=\"https:\/\/ens3a-caba.infd.edu.ar\/aula\/archivos\/repositorio\/500\/608\/cardenas_2.JPG\" alt=\"\" width=\"289\" height=\"265\" border=\"0\" \/><\/span><\/td>\n<td style=\"text-align: left;\">\n<p style=\"margin-bottom: 0cm;\"><strong><span style=\"font-family: verdana,geneva; font-size: 10pt;\">CHARLA<\/span><\/strong><\/p>\n<p><span style=\"font-family: verdana,geneva; font-size: 10pt;\">En contexto de la discusi\u00f3n sobre las pedagog\u00edas alternativas se recibi\u00f3 la visita del maestro Horacio C\u00e1rdenas en la que se compartieron experiencias \u00e1ulicas y se habilit\u00f3 un espacio de discusi\u00f3n cr\u00edtica con los docentes de la casa.<\/span><\/td>\n<\/tr>\n<\/tbody>\n<\/table>\n<h1 style=\"text-align: center;\"><strong><span style=\"font-family: verdana,geneva; font-size: 14pt; color: #ff6600;\">A\u00f1o 2013<\/span><\/strong><\/h1>\n<hr style=\"height: 3px; width: 650px;\" size=\"3\" width=\"650\" \/>\n<table style=\"width: 652px; height: 2082px;\" border=\"0\">\n<tbody>\n<tr>\n<td>\n<p style=\"margin-bottom: 0cm;\"><strong><span style=\"font-family: verdana,geneva; font-size: 10pt;\">24 de Marzo \u2013 D\u00eda de la Memoria (2013)<\/span><\/strong><\/p>\n<p><span style=\"font-family: verdana,geneva; font-size: 10pt;\">A trav\u00e9s de la gesti\u00f3n de la profesora Paula Roffo se expuso la Muestra Itinerante <em>\u00abEducar en la memoria para construir futuro\u00bb<\/em> del Ministerio de Cultura y Educaci\u00f3n de la Naci\u00f3n los d\u00edas 25 (por la tarde) \u2013 26 \u2013 27 de marzo y los d\u00edas 3 -4 -5 de abril. Se trata de 25 paneles que recorren hechos de la historia argentina desde fin del s. XIX en articulaci\u00f3n con la escuela y los proyectos pol\u00edticos. En ese contexto se realizaron adem\u00e1s diversas actividades a partir del cual se propusieron espacios de reflexi\u00f3n; entre las mismas el prof. Claudio Ferraro puso en escena un espacio de narraci\u00f3n oral. <\/span><\/td>\n<td>\u00a0<img decoding=\"async\" loading=\"lazy\" style=\"vertical-align: middle;\" src=\"https:\/\/ens3a-caba.infd.edu.ar\/aula\/archivos\/repositorio\/500\/614\/Libros.Prohibidos.jpg\" alt=\"\" width=\"259\" height=\"194\" border=\"0\" \/><span style=\"font-family: verdana,geneva; font-size: 10pt;\"><br \/>\n<\/span><\/td>\n<\/tr>\n<\/tbody>\n<\/table>\n<p><img decoding=\"async\" loading=\"lazy\" style=\"vertical-align: middle; display: block; margin-left: auto; margin-right: auto;\" src=\"https:\/\/ens3a-caba.infd.edu.ar\/aula\/archivos\/repositorio\/500\/618\/Ferraro_en_muestra.jpg\" alt=\"\" width=\"254\" height=\"175\" border=\"0\" \/><span style=\"font-family: verdana,geneva; font-size: 10pt;\"><img decoding=\"async\" loading=\"lazy\" style=\"vertical-align: middle; display: block; margin-left: auto; margin-right: auto;\" src=\"https:\/\/ens3a-caba.infd.edu.ar\/aula\/archivos\/repositorio\/500\/622\/Orquesta.JPG\" alt=\"\" width=\"338\" height=\"207\" border=\"0\" \/><\/span><\/p>\n<p style=\"margin-bottom: 0cm;\"><strong><span style=\"font-family: verdana,geneva; font-size: 10pt;\">Orquesta<\/span><\/strong><\/p>\n<p style=\"margin-bottom: 0cm;\"><span style=\"font-family: verdana, geneva; font-size: 10pt;\">La Orquesta Infantil y Juvenil de Villa Lugano nos visit\u00f3 el mi\u00e9rcoles 15 de mayo del 2013 en el hall central de planta baja acompa\u00f1ados por su Directora Mar\u00eda Eugenia Marsili y su equipo de asistentes. La gesti\u00f3n fue realizada por la profesora Patricia La Porta.<\/span><\/p>\n<p style=\"margin-bottom: 0cm;\"><strong><span style=\"font-family: verdana,geneva; font-size: 10pt;\">OBRA DE TEATRO: LA CORONELA<\/span><\/strong><\/p>\n<p style=\"margin-bottom: 0cm;\"><span style=\"font-family: verdana, geneva; font-size: 10pt;\">Con el objetivo de acercar el arte a la formaci\u00f3n docente se gestion\u00f3 la puesta en escena el unipersonal \u201cLa Coronela\u201d de Alicia Mu\u00f1oz, con la actuaci\u00f3n de Isabel Quinteros y Direcci\u00f3n de N\u00e9stor Sabatini en 2013. A trav\u00e9s del g\u00e9nero Tragedia, se hizo memoria de los conflictos pol\u00edticos encarnados por Unitarios y Federales.<\/span><\/p>\n<p>\u00a0<img decoding=\"async\" loading=\"lazy\" style=\"vertical-align: middle; display: block; margin-left: auto; margin-right: auto;\" src=\"https:\/\/ens3a-caba.infd.edu.ar\/aula\/archivos\/repositorio\/500\/612\/La_coronela_2.JPG\" alt=\"\" width=\"257\" height=\"179\" border=\"0\" \/><span style=\"font-family: verdana,geneva; font-size: 10pt;\"><br \/>\n<\/span>\u00a0<img decoding=\"async\" loading=\"lazy\" style=\"vertical-align: middle; display: block; margin-left: auto; margin-right: auto;\" src=\"https:\/\/ens3a-caba.infd.edu.ar\/aula\/archivos\/repositorio\/500\/636\/visita_Plaza_de_Mayo.JPG\" alt=\"\" width=\"342\" height=\"200\" border=\"0\" \/><span style=\"font-family: verdana,geneva; font-size: 10pt;\"><br \/>\n<\/span><\/p>\n<p><img decoding=\"async\" loading=\"lazy\" style=\"vertical-align: middle; display: block; margin-left: auto; margin-right: auto;\" src=\"https:\/\/ens3a-caba.infd.edu.ar\/aula\/archivos\/repositorio\/500\/633\/Visita_Plaza_de_Mayo_2.JPG\" alt=\"\" width=\"345\" height=\"207\" border=\"0\" \/><\/p>\n<p style=\"margin-bottom: 0cm;\"><strong><span style=\"font-family: verdana,geneva; font-size: 10pt;\">VISITA A PLAZA DE MAYO<\/span><\/strong><\/p>\n<p style=\"margin-bottom: 0cm;\"><span style=\"font-family: verdana, geneva; font-size: 10pt;\">En setiembre de 2013 los estudiantes del PEP y del PEI realizaron una visita guiada a Plaza de Mayo acompa\u00f1ados por los prof. Diana Gonz\u00e1lez y Mart\u00edn Stawsky, docentes de Ciencias Sociales que les facilitaron, adem\u00e1s de la explicaci\u00f3n, gu\u00edas acordes a los contenidos curriculares espec\u00edficos del Nivel.<\/span><\/p>\n<p style=\"margin-bottom: 0cm;\"><strong><span style=\"font-family: verdana,geneva; font-size: 10pt;\">Museo Etnogr\u00e1fico<\/span><\/strong><\/p>\n<p style=\"margin-bottom: 0cm;\"><span style=\"font-family: verdana, geneva; font-size: 10pt;\">Se visit\u00f3 el Museo Etnogr\u00e1fico para explorar nuevas posibilidades pedag\u00f3gicas en la relaci\u00f3n escuela \u2013 museos. Los estudiantes realizaron actividades para desocultar las representaciones naturalizadas sobre los pueblos originarios y la influencia de las mismas en las pr\u00e1cticas docentes.<\/span><\/p>\n<p><span style=\"font-family: verdana,geneva; font-size: 10pt;\"><img decoding=\"async\" loading=\"lazy\" style=\"vertical-align: middle; display: block; margin-left: auto; margin-right: auto;\" src=\"https:\/\/ens3a-caba.infd.edu.ar\/aula\/archivos\/repositorio\/500\/625\/museo_etnografico.jpg\" alt=\"\" width=\"243\" height=\"158\" border=\"0\" \/><\/span><\/p>\n<p><span style=\"font-family: verdana,geneva; font-size: 10pt;\"><img decoding=\"async\" loading=\"lazy\" style=\"vertical-align: middle; display: block; margin-left: auto; margin-right: auto;\" src=\"https:\/\/ens3a-caba.infd.edu.ar\/aula\/archivos\/repositorio\/500\/623\/museo_etnografico_2.jpg\" alt=\"\" width=\"240\" height=\"167\" border=\"0\" \/><\/span><\/p>\n<p><img decoding=\"async\" loading=\"lazy\" style=\"vertical-align: middle; display: block; margin-left: auto; margin-right: auto;\" src=\"https:\/\/ens3a-caba.infd.edu.ar\/aula\/archivos\/repositorio\/500\/627\/tango_foto.JPG\" alt=\"\" width=\"280\" height=\"226\" border=\"0\" \/><span style=\"font-family: verdana,geneva; font-size: 10pt;\"><br \/>\n<\/span><\/p>\n<p style=\"margin-bottom: 0cm;\"><strong><span style=\"font-family: verdana,geneva; font-size: 10pt;\">Funci\u00f3n de Tango<\/span><\/strong><\/p>\n<p style=\"margin-bottom: 0cm;\"><span style=\"font-family: verdana, geneva; font-size: 10pt;\">Gabriel Men\u00e9ndez, Director Art\u00edstico Pedag\u00f3gico de la Escuela de Tango del Collegium Musicum de Buenos Aires, es adem\u00e1s cantante, m\u00fasico, docente e investigador becado por la Fundaci\u00f3n Konex de Buenos Aires. Realiz\u00f3 un recorrido por lo m\u00e1s representativo del tango de la mano de las obras que marcaron su evoluci\u00f3n y su presente.<\/span><\/p>\n<p style=\"margin-bottom: 0cm;\"><span style=\"font-family: verdana,geneva; font-size: 10pt;\"><strong>D\u00eda del Respeto a la Diversidad Cultural<br \/>\n<\/strong><\/span><\/p>\n<p><span style=\"font-family: verdana,geneva; font-size: 10pt;\">\u00a0<\/span><br \/>\n<span style=\"font-family: verdana,geneva; font-size: 10pt;\">Con ocasi\u00f3n de la celebraci\u00f3n del <strong>D\u00eda del Respeto a la Diversidad Cultural<\/strong> se organiz\u00f3 una instancia de cine-debate con la proyecci\u00f3n de <em>La Nave de los Locos (<\/em>1995) de Ricardo Wullicher. La discusi\u00f3n gir\u00f3 en torno a la discriminaci\u00f3n, el racismo, la necesidad de una educaci\u00f3n intercultural de doble v\u00eda o profunda. Participaron todos los docentes y alumnos.<\/span><\/p>\n<p><img decoding=\"async\" loading=\"lazy\" style=\"vertical-align: middle; display: block; margin-left: auto; margin-right: auto;\" src=\"https:\/\/ens3a-caba.infd.edu.ar\/aula\/archivos\/repositorio\/500\/638\/Tapa_La_nave_de_los_locos_DVD.jpg\" alt=\"\" width=\"188\" height=\"195\" border=\"0\" \/><span style=\"font-family: verdana,geneva; font-size: 10pt;\"><br \/>\n<\/span>\u00a0<img decoding=\"async\" loading=\"lazy\" style=\"vertical-align: middle; display: block; margin-left: auto; margin-right: auto;\" src=\"https:\/\/ens3a-caba.infd.edu.ar\/aula\/archivos\/repositorio\/500\/619\/foto_ateneo1.jpg\" alt=\"\" width=\"340\" height=\"213\" border=\"0\" \/><span style=\"font-family: verdana,geneva; font-size: 10pt;\"><br \/>\n<\/span><\/p>\n<p><img decoding=\"async\" loading=\"lazy\" style=\"vertical-align: middle; display: block; margin-left: auto; margin-right: auto;\" src=\"https:\/\/ens3a-caba.infd.edu.ar\/aula\/archivos\/repositorio\/500\/620\/foto_ateneo_5.jpg\" alt=\"\" width=\"343\" height=\"189\" border=\"0\" \/><\/p>\n<p style=\"margin-bottom: 0cm; line-height: 100%; widows: 2; orphans: 2;\"><strong><span style=\"color: #000000; font-family: verdana,geneva; font-size: 10pt;\">Ateneo Pedag\u00f3gico<\/span><\/strong><\/p>\n<p><span style=\"font-family: verdana,geneva; font-size: 10pt;\">\u00a0<\/span><br \/>\n<span style=\"color: #000000; font-family: verdana,geneva; font-size: 10pt;\">Auspiciado por la Direcci\u00f3n de Formaci\u00f3n Docente y gestionado por la Regente Silvia Amaya, se llev\u00f3 a cabo el Ateneo Pedag\u00f3gico: <em>\u201cLa palabra para construir\u2026enriquecer\u2026imaginar<\/em>\u201d, a cargo de la Lic. Carmen B\u00e1rtolo, Lic. Graciela Cupolo y Lic. Elena Santa Cruz. En el encuentro se compartieron momentos de Narraci\u00f3n Oral y T\u00edteres, que dieron lugar a un intercambio con los asistentes.<\/span><\/p>\n<p style=\"margin-bottom: 0cm;\"><strong><span style=\"font-family: verdana,geneva; font-size: 10pt;\">Funci\u00f3n de T\u00edteres<\/span><\/strong><\/p>\n<p style=\"margin-bottom: 0cm;\"><span style=\"font-family: verdana, geneva; font-size: 10pt;\">Nos visit\u00f3 el <\/span><strong style=\"font-family: verdana, geneva; font-size: 10pt;\">grupo de titiriteros \u201cMano a mano<\/strong><span style=\"font-family: verdana, geneva; font-size: 10pt;\">\u201d integrado por Viviana Rogosinski y Alejandro M\u00e9ndez con el espect\u00e1culo \u201c<\/span><em style=\"font-family: verdana, geneva; font-size: 10pt;\">La Valija M\u00e1gica<\/em><span style=\"font-family: verdana, geneva; font-size: 10pt;\">\u201d. A trav\u00e9s de la puesta se fueron haciendo indicaciones sobre el aprovechamiento de diferentes t\u00e9cnicas de construcci\u00f3n de t\u00edteres y adaptaciones para el nivel.<\/span><\/p>\n<p><span style=\"font-family: verdana,geneva; font-size: 10pt;\"><img decoding=\"async\" loading=\"lazy\" style=\"vertical-align: middle;\" src=\"https:\/\/ens3a-caba.infd.edu.ar\/aula\/archivos\/repositorio\/500\/637\/Titeres.JPG\" alt=\"\" width=\"290\" height=\"198\" border=\"0\" \/><\/span><\/p>\n<p><span style=\"font-family: verdana,geneva; font-size: 10pt;\">\u00a0<\/span><\/p>\n","protected":false},"excerpt":{"rendered":"<p>A\u00f1o 2019 Huerta 2019 En el marco del \u00e1rea de Ciencias Naturales contamos con la participaci\u00f3n y colaboraci\u00f3n de los alumnos de Naturales 1 (TM y TV), Naturales 2 (TT y TV) y Naturales Inicial ( TM y TV); supervisados por la Lic. Maria Cristina Condorelli. En esta oportunidad se llev\u00f3 a cabo la\u00a0Huerta Normal &#8230; <a title=\"Actividades 2013-2019\" class=\"read-more\" href=\"https:\/\/ens3a-caba.infd.edu.ar\/sitio\/proyectos-y-actividades\/\" aria-label=\"More on Actividades 2013-2019\">[+]<\/a><\/p>\n","protected":false},"author":7,"featured_media":0,"parent":0,"menu_order":0,"comment_status":"closed","ping_status":"closed","template":"","meta":[],"acf":[],"_links":{"self":[{"href":"https:\/\/ens3a-caba.infd.edu.ar\/sitio\/wp-json\/wp\/v2\/pages\/846"}],"collection":[{"href":"https:\/\/ens3a-caba.infd.edu.ar\/sitio\/wp-json\/wp\/v2\/pages"}],"about":[{"href":"https:\/\/ens3a-caba.infd.edu.ar\/sitio\/wp-json\/wp\/v2\/types\/page"}],"author":[{"embeddable":true,"href":"https:\/\/ens3a-caba.infd.edu.ar\/sitio\/wp-json\/wp\/v2\/users\/7"}],"replies":[{"embeddable":true,"href":"https:\/\/ens3a-caba.infd.edu.ar\/sitio\/wp-json\/wp\/v2\/comments?post=846"}],"version-history":[{"count":7,"href":"https:\/\/ens3a-caba.infd.edu.ar\/sitio\/wp-json\/wp\/v2\/pages\/846\/revisions"}],"predecessor-version":[{"id":1588,"href":"https:\/\/ens3a-caba.infd.edu.ar\/sitio\/wp-json\/wp\/v2\/pages\/846\/revisions\/1588"}],"wp:attachment":[{"href":"https:\/\/ens3a-caba.infd.edu.ar\/sitio\/wp-json\/wp\/v2\/media?parent=846"}],"curies":[{"name":"wp","href":"https:\/\/api.w.org\/{rel}","templated":true}]}}